{"id":75,"date":"2024-10-31T18:44:17","date_gmt":"2024-10-31T18:44:17","guid":{"rendered":"https:\/\/xn--pro-sdharz-eeb.de\/?page_id=75"},"modified":"2024-11-04T17:48:13","modified_gmt":"2024-11-04T16:48:13","slug":"presse","status":"publish","type":"page","link":"https:\/\/xn--pro-sdharz-eeb.de\/?page_id=75","title":{"rendered":"Presse"},"content":{"rendered":"<style>.kb-posts-id-75_0992fa-71 .kb-post-list-item{display:grid;}<\/style><ul class=\"wp-block-kadence-posts kb-posts kadence-posts-list kb-posts-id-75_0992fa-71 content-wrap grid-cols kb-posts-style-boxed grid-sm-col-2 grid-lg-col-3 item-image-style-above\"><li class=\"kb-post-list-item\">\n\t<article class=\"entry content-bg loop-entry post-610 post type-post status-publish format-standard hentry category-presse tag-mdr\">\n\t\t\t\t<div class=\"entry-content-wrap\">\n\t\t\t<header class=\"entry-header\">\n\t\t<div class=\"entry-taxonomies\">\n\t\t<span class=\"category-links term-links category-style-normal\">\n\t\t\t<a href=\"https:\/\/xn--pro-sdharz-eeb.de\/?cat=7\" class=\"category-link-presse\" rel=\"tag\">Presse<\/a>\t\t<\/span>\n\t<\/div><!-- .entry-taxonomies -->\n\t<h2 class=\"entry-title\"><a href=\"https:\/\/xn--pro-sdharz-eeb.de\/?p=610\" rel=\"bookmark\">MDR: \u00d6ffentlichkeitsbeteiligung &#8211; Hier k\u00f6nnen B\u00fcrger in Sachsen-Anhalt mitreden<\/a><\/h2>\t<div class=\"entry-meta entry-meta-divider-dot\">\n\t<span class=\"posted-by\"><span class=\"meta-label\">Von<\/span><span class=\"author vcard\"><span class=\"fn n\">admin<\/span><\/span><\/span>\t\t\t<span class=\"posted-on\">\n\t\t\t\t<time class=\"entry-date published\" datetime=\"2025-10-19T18:54:00+02:00\">19. Oktober 2025<\/time><time class=\"updated\" datetime=\"2025-10-21T10:42:32+02:00\">21. Oktober 2025<\/time>\t\t\t<\/span>\n\t\t\t\t<\/div><!-- .entry-meta -->\n\t<\/header><!-- .entry-header -->\n\t<div class=\"entry-summary\">\n\t\t<p>Wie k\u00f6nnen B\u00fcrger in Sachsen-Anhalt bei wichtigen Entscheidungen mitreden? Ein \u00dcberblick zeigt, wo derzeit Beteiligung m\u00f6glich ist \u2013 auf Landes-, Regional und Kommunalebene. \u00dcber das Beteiligungsportal des Landes laufen zum Beispiel Verfahren zu Windenergie, Raumordnung und Stadtentwicklung. Auch der Landesentwicklungsplan oder regionale Teilpl\u00e4ne k\u00f6nnen dort kommentiert werden. https:\/\/www.mdr.de\/nachrichten\/sachsen-anhalt\/landespolitik\/oeffentlichkeitsbeteiligung-buergerbeteiligung-portale-moeglichkeiten-100~amp.html<\/p>\n\t<\/div><!-- .entry-summary -->\n\t<footer class=\"entry-footer\">\n\t\t\t<div class=\"entry-actions\">\n\t\t\t<p class=\"more-link-wrap\">\n\t\t\t\t<a href=\"https:\/\/xn--pro-sdharz-eeb.de\/?p=610\" class=\"post-more-link\">\n\t\t\t\t\tWeiterlesen<span class=\"screen-reader-text\"> MDR: \u00d6ffentlichkeitsbeteiligung &#8211; Hier k\u00f6nnen B\u00fcrger in Sachsen-Anhalt mitreden<\/span><span class=\"kadence-svg-iconset svg-baseline\"><svg aria-hidden=\"true\" class=\"kadence-svg-icon kadence-arrow-right-alt-svg\" fill=\"currentColor\" version=\"1.1\" xmlns=\"http:\/\/www.w3.org\/2000\/svg\" width=\"27\" height=\"28\" viewBox=\"0 0 27 28\"><title>Fortfahren<\/title><path d=\"M27 13.953c0 0.141-0.063 0.281-0.156 0.375l-6 5.531c-0.156 0.141-0.359 0.172-0.547 0.094-0.172-0.078-0.297-0.25-0.297-0.453v-3.5h-19.5c-0.281 0-0.5-0.219-0.5-0.5v-3c0-0.281 0.219-0.5 0.5-0.5h19.5v-3.5c0-0.203 0.109-0.375 0.297-0.453s0.391-0.047 0.547 0.078l6 5.469c0.094 0.094 0.156 0.219 0.156 0.359v0z\"><\/path>\n\t\t\t<\/svg><\/span>\t\t\t\t<\/a>\n\t\t\t<\/p>\n\t\t<\/div><!-- .entry-actions -->\n\t\t<\/footer><!-- .entry-footer -->\t\t<\/div>\n\t<\/article>\n<\/li>\n<li class=\"kb-post-list-item\">\n\t<article class=\"entry content-bg loop-entry post-607 post type-post status-publish format-standard hentry category-presse tag-mdr\">\n\t\t\t\t<div class=\"entry-content-wrap\">\n\t\t\t<header class=\"entry-header\">\n\t\t<div class=\"entry-taxonomies\">\n\t\t<span class=\"category-links term-links category-style-normal\">\n\t\t\t<a href=\"https:\/\/xn--pro-sdharz-eeb.de\/?cat=7\" class=\"category-link-presse\" rel=\"tag\">Presse<\/a>\t\t<\/span>\n\t<\/div><!-- .entry-taxonomies -->\n\t<h2 class=\"entry-title\"><a href=\"https:\/\/xn--pro-sdharz-eeb.de\/?p=607\" rel=\"bookmark\">MDR: Streit um Gipsabbau im S\u00fcdharz wieder aufgeflammt<\/a><\/h2>\t<div class=\"entry-meta entry-meta-divider-dot\">\n\t<span class=\"posted-by\"><span class=\"meta-label\">Von<\/span><span class=\"author vcard\"><span class=\"fn n\">admin<\/span><\/span><\/span>\t\t\t<span class=\"posted-on\">\n\t\t\t\t<time class=\"entry-date published\" datetime=\"2025-10-17T12:16:00+02:00\">17. Oktober 2025<\/time><time class=\"updated\" datetime=\"2025-10-21T10:39:49+02:00\">21. Oktober 2025<\/time>\t\t\t<\/span>\n\t\t\t\t<\/div><!-- .entry-meta -->\n\t<\/header><!-- .entry-header -->\n\t<div class=\"entry-summary\">\n\t\t<p>Eigentlich galt ein m\u00f6glicher Gipsabbau im S\u00fcdharz als erledigt. Das Oberverwaltungsgericht hatte Probebohrungen eines Unternehmens Anfang dieses Jahres gestoppt. Doch im zweiten Entwurf des Landesentwicklungsplans ist mitten im Biosph\u00e4renreservat nun eine &#8222;Wei\u00dffl\u00e4che&#8220; vorgesehen. Viele f\u00fcrchten um den Schutzstatus der Region. https:\/\/www.mdr.de\/nachrichten\/sachsen-anhalt\/landespolitik\/landesentwicklungsplan-suedharz-gips-naturschutz-102~amp.html<\/p>\n\t<\/div><!-- .entry-summary -->\n\t<footer class=\"entry-footer\">\n\t\t\t<div class=\"entry-actions\">\n\t\t\t<p class=\"more-link-wrap\">\n\t\t\t\t<a href=\"https:\/\/xn--pro-sdharz-eeb.de\/?p=607\" class=\"post-more-link\">\n\t\t\t\t\tWeiterlesen<span class=\"screen-reader-text\"> MDR: Streit um Gipsabbau im S\u00fcdharz wieder aufgeflammt<\/span><span class=\"kadence-svg-iconset svg-baseline\"><svg aria-hidden=\"true\" class=\"kadence-svg-icon kadence-arrow-right-alt-svg\" fill=\"currentColor\" version=\"1.1\" xmlns=\"http:\/\/www.w3.org\/2000\/svg\" width=\"27\" height=\"28\" viewBox=\"0 0 27 28\"><title>Fortfahren<\/title><path d=\"M27 13.953c0 0.141-0.063 0.281-0.156 0.375l-6 5.531c-0.156 0.141-0.359 0.172-0.547 0.094-0.172-0.078-0.297-0.25-0.297-0.453v-3.5h-19.5c-0.281 0-0.5-0.219-0.5-0.5v-3c0-0.281 0.219-0.5 0.5-0.5h19.5v-3.5c0-0.203 0.109-0.375 0.297-0.453s0.391-0.047 0.547 0.078l6 5.469c0.094 0.094 0.156 0.219 0.156 0.359v0z\"><\/path>\n\t\t\t<\/svg><\/span>\t\t\t\t<\/a>\n\t\t\t<\/p>\n\t\t<\/div><!-- .entry-actions -->\n\t\t<\/footer><!-- .entry-footer -->\t\t<\/div>\n\t<\/article>\n<\/li>\n<li class=\"kb-post-list-item\">\n\t<article class=\"entry content-bg loop-entry post-618 post type-post status-publish format-standard hentry category-presse tag-mz\">\n\t\t\t\t<div class=\"entry-content-wrap\">\n\t\t\t<header class=\"entry-header\">\n\t\t<div class=\"entry-taxonomies\">\n\t\t<span class=\"category-links term-links category-style-normal\">\n\t\t\t<a href=\"https:\/\/xn--pro-sdharz-eeb.de\/?cat=7\" class=\"category-link-presse\" rel=\"tag\">Presse<\/a>\t\t<\/span>\n\t<\/div><!-- .entry-taxonomies -->\n\t<h2 class=\"entry-title\"><a href=\"https:\/\/xn--pro-sdharz-eeb.de\/?p=618\" rel=\"bookmark\">MZ: Wei\u00dffl\u00e4che im Entwurf des Landesentwicklungsplans<\/a><\/h2>\t<div class=\"entry-meta entry-meta-divider-dot\">\n\t<span class=\"posted-by\"><span class=\"meta-label\">Von<\/span><span class=\"author vcard\"><span class=\"fn n\">admin<\/span><\/span><\/span>\t\t\t<span class=\"posted-on\">\n\t\t\t\t<time class=\"entry-date published\" datetime=\"2025-10-10T11:49:00+02:00\">10. Oktober 2025<\/time><time class=\"updated\" datetime=\"2025-10-21T10:51:32+02:00\">21. Oktober 2025<\/time>\t\t\t<\/span>\n\t\t\t\t<\/div><!-- .entry-meta -->\n\t<\/header><!-- .entry-header -->\n\t<div class=\"entry-summary\">\n\t\t<p>Gipsabbau, Windkraft oder Photovoltaik &#8211; und weniger Naturschutz im S\u00fcdharz? In einer h\u00f6chst emotionalen Debatte haben sich die Mitglieder zweier Aussch\u00fcsse des S\u00fcdharz-Gemeinderats zum zweiten Entwurf des Landesentwicklungsplans positioniert. S\u00fcdharz\/MZ. &#8211; \u00dcberraschend haben die beiden S\u00fcdharz-Gemeinderatsaussch\u00fcsse nun doch \u00f6ffentlich \u00fcber die Stellungnahme der Gemeinde zum zweiten Entwurf des Landesentwicklungsplans f\u00fcr Sachsen-Anhalt beraten. Auf Antrag von&#8230;<\/p>\n\t<\/div><!-- .entry-summary -->\n\t<footer class=\"entry-footer\">\n\t\t\t<div class=\"entry-actions\">\n\t\t\t<p class=\"more-link-wrap\">\n\t\t\t\t<a href=\"https:\/\/xn--pro-sdharz-eeb.de\/?p=618\" class=\"post-more-link\">\n\t\t\t\t\tWeiterlesen<span class=\"screen-reader-text\"> MZ: Wei\u00dffl\u00e4che im Entwurf des Landesentwicklungsplans<\/span><span class=\"kadence-svg-iconset svg-baseline\"><svg aria-hidden=\"true\" class=\"kadence-svg-icon kadence-arrow-right-alt-svg\" fill=\"currentColor\" version=\"1.1\" xmlns=\"http:\/\/www.w3.org\/2000\/svg\" width=\"27\" height=\"28\" viewBox=\"0 0 27 28\"><title>Fortfahren<\/title><path d=\"M27 13.953c0 0.141-0.063 0.281-0.156 0.375l-6 5.531c-0.156 0.141-0.359 0.172-0.547 0.094-0.172-0.078-0.297-0.25-0.297-0.453v-3.5h-19.5c-0.281 0-0.5-0.219-0.5-0.5v-3c0-0.281 0.219-0.5 0.5-0.5h19.5v-3.5c0-0.203 0.109-0.375 0.297-0.453s0.391-0.047 0.547 0.078l6 5.469c0.094 0.094 0.156 0.219 0.156 0.359v0z\"><\/path>\n\t\t\t<\/svg><\/span>\t\t\t\t<\/a>\n\t\t\t<\/p>\n\t\t<\/div><!-- .entry-actions -->\n\t\t<\/footer><!-- .entry-footer -->\t\t<\/div>\n\t<\/article>\n<\/li>\n<li class=\"kb-post-list-item\">\n\t<article class=\"entry content-bg loop-entry post-622 post type-post status-publish format-standard hentry category-presse tag-knauf\">\n\t\t\t\t<div class=\"entry-content-wrap\">\n\t\t\t<header class=\"entry-header\">\n\t\t<div class=\"entry-taxonomies\">\n\t\t<span class=\"category-links term-links category-style-normal\">\n\t\t\t<a href=\"https:\/\/xn--pro-sdharz-eeb.de\/?cat=7\" class=\"category-link-presse\" rel=\"tag\">Presse<\/a>\t\t<\/span>\n\t<\/div><!-- .entry-taxonomies -->\n\t<h2 class=\"entry-title\"><a href=\"https:\/\/xn--pro-sdharz-eeb.de\/?p=622\" rel=\"bookmark\">Handelsblatt: Knauf erkl\u00e4rt R\u00fcckzug aus Russland f\u00fcr gescheitert<\/a><\/h2>\t<div class=\"entry-meta entry-meta-divider-dot\">\n\t<span class=\"posted-by\"><span class=\"meta-label\">Von<\/span><span class=\"author vcard\"><span class=\"fn n\">admin<\/span><\/span><\/span>\t\t\t<span class=\"posted-on\">\n\t\t\t\t<time class=\"entry-date published\" datetime=\"2025-10-09T16:46:00+02:00\">9. Oktober 2025<\/time><time class=\"updated\" datetime=\"2025-10-21T10:54:22+02:00\">21. Oktober 2025<\/time>\t\t\t<\/span>\n\t\t\t\t<\/div><!-- .entry-meta -->\n\t<\/header><!-- .entry-header -->\n\t<div class=\"entry-summary\">\n\t\t<p>Der Baustoffhersteller wollte sein Russland-Gesch\u00e4ft eigentlich verkaufen. Nun sind die Verhandlungen gescheitert und die Firma will weitere Optionen pr\u00fcfen. https:\/\/www.handelsblatt.com\/unternehmen\/mittelstand\/gips-konzern-knauf-erklaert-rueckzug-aus-russland-fuer-gescheitert-01\/100160555.html<\/p>\n\t<\/div><!-- .entry-summary -->\n\t<footer class=\"entry-footer\">\n\t\t\t<div class=\"entry-actions\">\n\t\t\t<p class=\"more-link-wrap\">\n\t\t\t\t<a href=\"https:\/\/xn--pro-sdharz-eeb.de\/?p=622\" class=\"post-more-link\">\n\t\t\t\t\tWeiterlesen<span class=\"screen-reader-text\"> Handelsblatt: Knauf erkl\u00e4rt R\u00fcckzug aus Russland f\u00fcr gescheitert<\/span><span class=\"kadence-svg-iconset svg-baseline\"><svg aria-hidden=\"true\" class=\"kadence-svg-icon kadence-arrow-right-alt-svg\" fill=\"currentColor\" version=\"1.1\" xmlns=\"http:\/\/www.w3.org\/2000\/svg\" width=\"27\" height=\"28\" viewBox=\"0 0 27 28\"><title>Fortfahren<\/title><path d=\"M27 13.953c0 0.141-0.063 0.281-0.156 0.375l-6 5.531c-0.156 0.141-0.359 0.172-0.547 0.094-0.172-0.078-0.297-0.25-0.297-0.453v-3.5h-19.5c-0.281 0-0.5-0.219-0.5-0.5v-3c0-0.281 0.219-0.5 0.5-0.5h19.5v-3.5c0-0.203 0.109-0.375 0.297-0.453s0.391-0.047 0.547 0.078l6 5.469c0.094 0.094 0.156 0.219 0.156 0.359v0z\"><\/path>\n\t\t\t<\/svg><\/span>\t\t\t\t<\/a>\n\t\t\t<\/p>\n\t\t<\/div><!-- .entry-actions -->\n\t\t<\/footer><!-- .entry-footer -->\t\t<\/div>\n\t<\/article>\n<\/li>\n<li class=\"kb-post-list-item\">\n\t<article class=\"entry content-bg loop-entry post-628 post type-post status-publish format-standard hentry category-presse tag-knauf\">\n\t\t\t\t<div class=\"entry-content-wrap\">\n\t\t\t<header class=\"entry-header\">\n\t\t<div class=\"entry-taxonomies\">\n\t\t<span class=\"category-links term-links category-style-normal\">\n\t\t\t<a href=\"https:\/\/xn--pro-sdharz-eeb.de\/?cat=7\" class=\"category-link-presse\" rel=\"tag\">Presse<\/a>\t\t<\/span>\n\t<\/div><!-- .entry-taxonomies -->\n\t<h2 class=\"entry-title\"><a href=\"https:\/\/xn--pro-sdharz-eeb.de\/?p=628\" rel=\"bookmark\">Mainfranken24: Iphofen: Knauf setzt auf Recycling-Gips<\/a><\/h2>\t<div class=\"entry-meta entry-meta-divider-dot\">\n\t<span class=\"posted-by\"><span class=\"meta-label\">Von<\/span><span class=\"author vcard\"><span class=\"fn n\">admin<\/span><\/span><\/span>\t\t\t<span class=\"posted-on\">\n\t\t\t\t<time class=\"entry-date published\" datetime=\"2025-10-09T15:30:00+02:00\">9. Oktober 2025<\/time><time class=\"updated\" datetime=\"2025-10-21T10:59:45+02:00\">21. Oktober 2025<\/time>\t\t\t<\/span>\n\t\t\t\t<\/div><!-- .entry-meta -->\n\t<\/header><!-- .entry-header -->\n\t<div class=\"entry-summary\">\n\t\t<p>Der Gipshersteller Knauf aus Iphofen plant ein gro\u00dfes, aber umstrittenes Gipsbergwerk bei Altertheim. Das ist noch in weiter Ferne \u2013 gleichzeitig will sich das Unternehmen bei der Gewinnung von Gips jetzt breiter aufstellen. https:\/\/www.mainfranken24.de\/aktuelles\/news\/iphofen-knauf-setzt-auf-recycling-gips<\/p>\n\t<\/div><!-- .entry-summary -->\n\t<footer class=\"entry-footer\">\n\t\t\t<div class=\"entry-actions\">\n\t\t\t<p class=\"more-link-wrap\">\n\t\t\t\t<a href=\"https:\/\/xn--pro-sdharz-eeb.de\/?p=628\" class=\"post-more-link\">\n\t\t\t\t\tWeiterlesen<span class=\"screen-reader-text\"> Mainfranken24: Iphofen: Knauf setzt auf Recycling-Gips<\/span><span class=\"kadence-svg-iconset svg-baseline\"><svg aria-hidden=\"true\" class=\"kadence-svg-icon kadence-arrow-right-alt-svg\" fill=\"currentColor\" version=\"1.1\" xmlns=\"http:\/\/www.w3.org\/2000\/svg\" width=\"27\" height=\"28\" viewBox=\"0 0 27 28\"><title>Fortfahren<\/title><path d=\"M27 13.953c0 0.141-0.063 0.281-0.156 0.375l-6 5.531c-0.156 0.141-0.359 0.172-0.547 0.094-0.172-0.078-0.297-0.25-0.297-0.453v-3.5h-19.5c-0.281 0-0.5-0.219-0.5-0.5v-3c0-0.281 0.219-0.5 0.5-0.5h19.5v-3.5c0-0.203 0.109-0.375 0.297-0.453s0.391-0.047 0.547 0.078l6 5.469c0.094 0.094 0.156 0.219 0.156 0.359v0z\"><\/path>\n\t\t\t<\/svg><\/span>\t\t\t\t<\/a>\n\t\t\t<\/p>\n\t\t<\/div><!-- .entry-actions -->\n\t\t<\/footer><!-- .entry-footer -->\t\t<\/div>\n\t<\/article>\n<\/li>\n<li class=\"kb-post-list-item\">\n\t<article class=\"entry content-bg loop-entry post-603 post type-post status-publish format-standard hentry category-presse tag-mz\">\n\t\t\t\t<div class=\"entry-content-wrap\">\n\t\t\t<header class=\"entry-header\">\n\t\t<div class=\"entry-taxonomies\">\n\t\t<span class=\"category-links term-links category-style-normal\">\n\t\t\t<a href=\"https:\/\/xn--pro-sdharz-eeb.de\/?cat=7\" class=\"category-link-presse\" rel=\"tag\">Presse<\/a>\t\t<\/span>\n\t<\/div><!-- .entry-taxonomies -->\n\t<h2 class=\"entry-title\"><a href=\"https:\/\/xn--pro-sdharz-eeb.de\/?p=603\" rel=\"bookmark\">MZ: Gemeinde S\u00fcdharz: Debatte im Ausschuss<\/a><\/h2>\t<div class=\"entry-meta entry-meta-divider-dot\">\n\t<span class=\"posted-by\"><span class=\"meta-label\">Von<\/span><span class=\"author vcard\"><span class=\"fn n\">admin<\/span><\/span><\/span>\t\t\t<span class=\"posted-on\">\n\t\t\t\t<time class=\"entry-date published\" datetime=\"2025-10-06T17:35:00+02:00\">6. Oktober 2025<\/time><time class=\"updated\" datetime=\"2025-10-21T10:40:20+02:00\">21. Oktober 2025<\/time>\t\t\t<\/span>\n\t\t\t\t<\/div><!-- .entry-meta -->\n\t<\/header><!-- .entry-header -->\n\t<div class=\"entry-summary\">\n\t\t<p>Beratung zu Wei\u00dffl\u00e4chen im LEP und zu Unesco-Welterbe in S\u00fcdharz hinter verschlossenen T\u00fcren? Am Dienstag, 7. Oktober 2025, werden im Wirtschafts-, Tourismus- und Sozialausschuss sowie im Hauptausschuss der Gemeinde S\u00fcdharz zwei wichtige Themen unter Ausschluss der \u00d6ffentlichkeit beraten: Die Positionierung des Gemeinderats zum zweiten Entwurf des Landesentwicklungsplans, samt m\u00f6glicher Gips-Abbaugebiete, und das Thema Unesco-Welterbe-Anerkennung des&#8230;<\/p>\n\t<\/div><!-- .entry-summary -->\n\t<footer class=\"entry-footer\">\n\t\t\t<div class=\"entry-actions\">\n\t\t\t<p class=\"more-link-wrap\">\n\t\t\t\t<a href=\"https:\/\/xn--pro-sdharz-eeb.de\/?p=603\" class=\"post-more-link\">\n\t\t\t\t\tWeiterlesen<span class=\"screen-reader-text\"> MZ: Gemeinde S\u00fcdharz: Debatte im Ausschuss<\/span><span class=\"kadence-svg-iconset svg-baseline\"><svg aria-hidden=\"true\" class=\"kadence-svg-icon kadence-arrow-right-alt-svg\" fill=\"currentColor\" version=\"1.1\" xmlns=\"http:\/\/www.w3.org\/2000\/svg\" width=\"27\" height=\"28\" viewBox=\"0 0 27 28\"><title>Fortfahren<\/title><path d=\"M27 13.953c0 0.141-0.063 0.281-0.156 0.375l-6 5.531c-0.156 0.141-0.359 0.172-0.547 0.094-0.172-0.078-0.297-0.25-0.297-0.453v-3.5h-19.5c-0.281 0-0.5-0.219-0.5-0.5v-3c0-0.281 0.219-0.5 0.5-0.5h19.5v-3.5c0-0.203 0.109-0.375 0.297-0.453s0.391-0.047 0.547 0.078l6 5.469c0.094 0.094 0.156 0.219 0.156 0.359v0z\"><\/path>\n\t\t\t<\/svg><\/span>\t\t\t\t<\/a>\n\t\t\t<\/p>\n\t\t<\/div><!-- .entry-actions -->\n\t\t<\/footer><!-- .entry-footer -->\t\t<\/div>\n\t<\/article>\n<\/li>\n<li class=\"kb-post-list-item\">\n\t<article class=\"entry content-bg loop-entry post-626 post type-post status-publish format-standard hentry category-presse tag-knauf tag-zeit\">\n\t\t\t\t<div class=\"entry-content-wrap\">\n\t\t\t<header class=\"entry-header\">\n\t\t<div class=\"entry-taxonomies\">\n\t\t<span class=\"category-links term-links category-style-normal\">\n\t\t\t<a href=\"https:\/\/xn--pro-sdharz-eeb.de\/?cat=7\" class=\"category-link-presse\" rel=\"tag\">Presse<\/a>\t\t<\/span>\n\t<\/div><!-- .entry-taxonomies -->\n\t<h2 class=\"entry-title\"><a href=\"https:\/\/xn--pro-sdharz-eeb.de\/?p=626\" rel=\"bookmark\">Zeit: Dokumente zu geplantem Gips-Bergwerk werden erneut ausgelegt<\/a><\/h2>\t<div class=\"entry-meta entry-meta-divider-dot\">\n\t<span class=\"posted-by\"><span class=\"meta-label\">Von<\/span><span class=\"author vcard\"><span class=\"fn n\">admin<\/span><\/span><\/span>\t\t\t<span class=\"posted-on\">\n\t\t\t\t<time class=\"entry-date published\" datetime=\"2025-09-25T11:18:00+02:00\">25. September 2025<\/time><time class=\"updated\" datetime=\"2025-10-21T10:57:54+02:00\">21. Oktober 2025<\/time>\t\t\t<\/span>\n\t\t\t\t<\/div><!-- .entry-meta -->\n\t<\/header><!-- .entry-header -->\n\t<div class=\"entry-summary\">\n\t\t<p>Vom 6. Oktober an werden alle Unterlagen zum geplanten neuen Gips-Bergwerk der Firma Knauf in Unterfranken nochmals f\u00fcr einen Monat ausgelegt. Sie seien unter anderem auf der Internetseite der Regierung von Oberfranken einsehbar, teilte die Beh\u00f6rde in Bayreuth mit. https:\/\/www.zeit.de\/news\/2025-09\/25\/dokumente-zu-geplantem-gips-bergwerk-werden-erneut-ausgelegt<\/p>\n\t<\/div><!-- .entry-summary -->\n\t<footer class=\"entry-footer\">\n\t\t\t<div class=\"entry-actions\">\n\t\t\t<p class=\"more-link-wrap\">\n\t\t\t\t<a href=\"https:\/\/xn--pro-sdharz-eeb.de\/?p=626\" class=\"post-more-link\">\n\t\t\t\t\tWeiterlesen<span class=\"screen-reader-text\"> Zeit: Dokumente zu geplantem Gips-Bergwerk werden erneut ausgelegt<\/span><span class=\"kadence-svg-iconset svg-baseline\"><svg aria-hidden=\"true\" class=\"kadence-svg-icon kadence-arrow-right-alt-svg\" fill=\"currentColor\" version=\"1.1\" xmlns=\"http:\/\/www.w3.org\/2000\/svg\" width=\"27\" height=\"28\" viewBox=\"0 0 27 28\"><title>Fortfahren<\/title><path d=\"M27 13.953c0 0.141-0.063 0.281-0.156 0.375l-6 5.531c-0.156 0.141-0.359 0.172-0.547 0.094-0.172-0.078-0.297-0.25-0.297-0.453v-3.5h-19.5c-0.281 0-0.5-0.219-0.5-0.5v-3c0-0.281 0.219-0.5 0.5-0.5h19.5v-3.5c0-0.203 0.109-0.375 0.297-0.453s0.391-0.047 0.547 0.078l6 5.469c0.094 0.094 0.156 0.219 0.156 0.359v0z\"><\/path>\n\t\t\t<\/svg><\/span>\t\t\t\t<\/a>\n\t\t\t<\/p>\n\t\t<\/div><!-- .entry-actions -->\n\t\t<\/footer><!-- .entry-footer -->\t\t<\/div>\n\t<\/article>\n<\/li>\n<li class=\"kb-post-list-item\">\n\t<article class=\"entry content-bg loop-entry post-624 post type-post status-publish format-standard hentry category-presse\">\n\t\t\t\t<div class=\"entry-content-wrap\">\n\t\t\t<header class=\"entry-header\">\n\t\t<div class=\"entry-taxonomies\">\n\t\t<span class=\"category-links term-links category-style-normal\">\n\t\t\t<a href=\"https:\/\/xn--pro-sdharz-eeb.de\/?cat=7\" class=\"category-link-presse\" rel=\"tag\">Presse<\/a>\t\t<\/span>\n\t<\/div><!-- .entry-taxonomies -->\n\t<h2 class=\"entry-title\"><a href=\"https:\/\/xn--pro-sdharz-eeb.de\/?p=624\" rel=\"bookmark\">inFranken.de: Heftige Debatte: Geplantes Gips-Bergwerk in Franken sorgt erneut f\u00fcr Unmut<\/a><\/h2>\t<div class=\"entry-meta entry-meta-divider-dot\">\n\t<span class=\"posted-by\"><span class=\"meta-label\">Von<\/span><span class=\"author vcard\"><span class=\"fn n\">admin<\/span><\/span><\/span>\t\t\t<span class=\"posted-on\">\n\t\t\t\t<time class=\"entry-date published\" datetime=\"2025-09-25T10:55:00+02:00\">25. September 2025<\/time><time class=\"updated\" datetime=\"2025-10-21T10:56:09+02:00\">21. Oktober 2025<\/time>\t\t\t<\/span>\n\t\t\t\t<\/div><!-- .entry-meta -->\n\t<\/header><!-- .entry-header -->\n\t<div class=\"entry-summary\">\n\t\t<p>In Unterfranken wird die geplante Errichtung eines neuen Gips-Bergwerks intensiv diskutiert. Die \u00fcberarbeiteten Pl\u00e4ne liegen nun erneut zur Einsicht bereit. https:\/\/www.infranken.de\/lk\/kitzingen\/neues-gips-bergwerk-in-unterfranken-ueberarbeitete-plaene-verfuegbar-art-6268341<\/p>\n\t<\/div><!-- .entry-summary -->\n\t<footer class=\"entry-footer\">\n\t\t\t<div class=\"entry-actions\">\n\t\t\t<p class=\"more-link-wrap\">\n\t\t\t\t<a href=\"https:\/\/xn--pro-sdharz-eeb.de\/?p=624\" class=\"post-more-link\">\n\t\t\t\t\tWeiterlesen<span class=\"screen-reader-text\"> inFranken.de: Heftige Debatte: Geplantes Gips-Bergwerk in Franken sorgt erneut f\u00fcr Unmut<\/span><span class=\"kadence-svg-iconset svg-baseline\"><svg aria-hidden=\"true\" class=\"kadence-svg-icon kadence-arrow-right-alt-svg\" fill=\"currentColor\" version=\"1.1\" xmlns=\"http:\/\/www.w3.org\/2000\/svg\" width=\"27\" height=\"28\" viewBox=\"0 0 27 28\"><title>Fortfahren<\/title><path d=\"M27 13.953c0 0.141-0.063 0.281-0.156 0.375l-6 5.531c-0.156 0.141-0.359 0.172-0.547 0.094-0.172-0.078-0.297-0.25-0.297-0.453v-3.5h-19.5c-0.281 0-0.5-0.219-0.5-0.5v-3c0-0.281 0.219-0.5 0.5-0.5h19.5v-3.5c0-0.203 0.109-0.375 0.297-0.453s0.391-0.047 0.547 0.078l6 5.469c0.094 0.094 0.156 0.219 0.156 0.359v0z\"><\/path>\n\t\t\t<\/svg><\/span>\t\t\t\t<\/a>\n\t\t\t<\/p>\n\t\t<\/div><!-- .entry-actions -->\n\t\t<\/footer><!-- .entry-footer -->\t\t<\/div>\n\t<\/article>\n<\/li>\n<li class=\"kb-post-list-item\">\n\t<article class=\"entry content-bg loop-entry post-630 post type-post status-publish format-standard hentry category-presse tag-export tag-paz\">\n\t\t\t\t<div class=\"entry-content-wrap\">\n\t\t\t<header class=\"entry-header\">\n\t\t<div class=\"entry-taxonomies\">\n\t\t<span class=\"category-links term-links category-style-normal\">\n\t\t\t<a href=\"https:\/\/xn--pro-sdharz-eeb.de\/?cat=7\" class=\"category-link-presse\" rel=\"tag\">Presse<\/a>\t\t<\/span>\n\t<\/div><!-- .entry-taxonomies -->\n\t<h2 class=\"entry-title\"><a href=\"https:\/\/xn--pro-sdharz-eeb.de\/?p=630\" rel=\"bookmark\">PAZ: Nicht nur Gips f\u00fcr Europa<\/a><\/h2>\t<div class=\"entry-meta entry-meta-divider-dot\">\n\t<span class=\"posted-by\"><span class=\"meta-label\">Von<\/span><span class=\"author vcard\"><span class=\"fn n\">admin<\/span><\/span><\/span>\t\t\t<span class=\"posted-on\">\n\t\t\t\t<time class=\"entry-date published\" datetime=\"2025-09-15T11:02:00+02:00\">15. September 2025<\/time><time class=\"updated\" datetime=\"2025-10-21T11:04:17+02:00\">21. Oktober 2025<\/time>\t\t\t<\/span>\n\t\t\t\t<\/div><!-- .entry-meta -->\n\t<\/header><!-- .entry-header -->\n\t<div class=\"entry-summary\">\n\t\t<p>&#8230; Kurze Begr\u00fc\u00dfung \u2013 ohne Handschlag \u2013 auf der Br\u00fccke. Der norwegische Kapit\u00e4n und sein Zweiter Offizier geben kurz Auskunft \u00fcber Schiff und Zielhafen, wie das so \u00fcblich ist. \u201eMit 5800 Tonnen Gips nach Drammen\u201c, informiert der Kapit\u00e4n. W\u00e4hrend Mauksch ihm die Situation im Fahrwasser erkl\u00e4rt, startet der Zweite die Kaffeemaschine. Kaffeeduft verdr\u00e4ngt allm\u00e4hlich Tabakgeruch&#8230;.<\/p>\n\t<\/div><!-- .entry-summary -->\n\t<footer class=\"entry-footer\">\n\t\t\t<div class=\"entry-actions\">\n\t\t\t<p class=\"more-link-wrap\">\n\t\t\t\t<a href=\"https:\/\/xn--pro-sdharz-eeb.de\/?p=630\" class=\"post-more-link\">\n\t\t\t\t\tWeiterlesen<span class=\"screen-reader-text\"> PAZ: Nicht nur Gips f\u00fcr Europa<\/span><span class=\"kadence-svg-iconset svg-baseline\"><svg aria-hidden=\"true\" class=\"kadence-svg-icon kadence-arrow-right-alt-svg\" fill=\"currentColor\" version=\"1.1\" xmlns=\"http:\/\/www.w3.org\/2000\/svg\" width=\"27\" height=\"28\" viewBox=\"0 0 27 28\"><title>Fortfahren<\/title><path d=\"M27 13.953c0 0.141-0.063 0.281-0.156 0.375l-6 5.531c-0.156 0.141-0.359 0.172-0.547 0.094-0.172-0.078-0.297-0.25-0.297-0.453v-3.5h-19.5c-0.281 0-0.5-0.219-0.5-0.5v-3c0-0.281 0.219-0.5 0.5-0.5h19.5v-3.5c0-0.203 0.109-0.375 0.297-0.453s0.391-0.047 0.547 0.078l6 5.469c0.094 0.094 0.156 0.219 0.156 0.359v0z\"><\/path>\n\t\t\t<\/svg><\/span>\t\t\t\t<\/a>\n\t\t\t<\/p>\n\t\t<\/div><!-- .entry-actions -->\n\t\t<\/footer><!-- .entry-footer -->\t\t<\/div>\n\t<\/article>\n<\/li>\n<li class=\"kb-post-list-item\">\n\t<article class=\"entry content-bg loop-entry post-612 post type-post status-publish format-standard hentry category-presse tag-sueddeutsche-zeitung tag-sz\">\n\t\t\t\t<div class=\"entry-content-wrap\">\n\t\t\t<header class=\"entry-header\">\n\t\t<div class=\"entry-taxonomies\">\n\t\t<span class=\"category-links term-links category-style-normal\">\n\t\t\t<a href=\"https:\/\/xn--pro-sdharz-eeb.de\/?cat=7\" class=\"category-link-presse\" rel=\"tag\">Presse<\/a>\t\t<\/span>\n\t<\/div><!-- .entry-taxonomies -->\n\t<h2 class=\"entry-title\"><a href=\"https:\/\/xn--pro-sdharz-eeb.de\/?p=612\" rel=\"bookmark\">SZ: Bev\u00f6lkerung soll bei Entwicklung des Landes helfen<\/a><\/h2>\t<div class=\"entry-meta entry-meta-divider-dot\">\n\t<span class=\"posted-by\"><span class=\"meta-label\">Von<\/span><span class=\"author vcard\"><span class=\"fn n\">admin<\/span><\/span><\/span>\t\t\t<span class=\"posted-on\">\n\t\t\t\t<time class=\"entry-date published\" datetime=\"2025-09-09T14:33:00+02:00\">9. September 2025<\/time><time class=\"updated\" datetime=\"2025-10-21T10:45:22+02:00\">21. Oktober 2025<\/time>\t\t\t<\/span>\n\t\t\t\t<\/div><!-- .entry-meta -->\n\t<\/header><!-- .entry-header -->\n\t<div class=\"entry-summary\">\n\t\t<p>Mehr als 5.000 Hinweise aus der Bev\u00f6lkerung haben den Landesentwicklungsplan schon gepr\u00e4gt. Jetzt sind die Menschen in Sachsen-Anhalt erneut gefragt. Magdeburg (dpa\/sa) &#8211; Die Landesregierung bittet um Mithilfe bei der Entwicklung eines Plans f\u00fcr die Entwicklung der Fl\u00e4chen in Sachsen-Anhalt. \u00d6ffentliche Stellen und alle B\u00fcrgerinnen und B\u00fcrger k\u00f6nnten ab dem 15. September Hinweise und \u00c4nderungsvorschl\u00e4ge&#8230;<\/p>\n\t<\/div><!-- .entry-summary -->\n\t<footer class=\"entry-footer\">\n\t\t\t<div class=\"entry-actions\">\n\t\t\t<p class=\"more-link-wrap\">\n\t\t\t\t<a href=\"https:\/\/xn--pro-sdharz-eeb.de\/?p=612\" class=\"post-more-link\">\n\t\t\t\t\tWeiterlesen<span class=\"screen-reader-text\"> SZ: Bev\u00f6lkerung soll bei Entwicklung des Landes helfen<\/span><span class=\"kadence-svg-iconset svg-baseline\"><svg aria-hidden=\"true\" class=\"kadence-svg-icon kadence-arrow-right-alt-svg\" fill=\"currentColor\" version=\"1.1\" xmlns=\"http:\/\/www.w3.org\/2000\/svg\" width=\"27\" height=\"28\" viewBox=\"0 0 27 28\"><title>Fortfahren<\/title><path d=\"M27 13.953c0 0.141-0.063 0.281-0.156 0.375l-6 5.531c-0.156 0.141-0.359 0.172-0.547 0.094-0.172-0.078-0.297-0.25-0.297-0.453v-3.5h-19.5c-0.281 0-0.5-0.219-0.5-0.5v-3c0-0.281 0.219-0.5 0.5-0.5h19.5v-3.5c0-0.203 0.109-0.375 0.297-0.453s0.391-0.047 0.547 0.078l6 5.469c0.094 0.094 0.156 0.219 0.156 0.359v0z\"><\/path>\n\t\t\t<\/svg><\/span>\t\t\t\t<\/a>\n\t\t\t<\/p>\n\t\t<\/div><!-- .entry-actions -->\n\t\t<\/footer><!-- .entry-footer -->\t\t<\/div>\n\t<\/article>\n<\/li>\n<li class=\"kb-post-list-item\">\n\t<article class=\"entry content-bg loop-entry post-616 post type-post status-publish format-standard hentry category-presse tag-ndr\">\n\t\t\t\t<div class=\"entry-content-wrap\">\n\t\t\t<header class=\"entry-header\">\n\t\t<div class=\"entry-taxonomies\">\n\t\t<span class=\"category-links term-links category-style-normal\">\n\t\t\t<a href=\"https:\/\/xn--pro-sdharz-eeb.de\/?cat=7\" class=\"category-link-presse\" rel=\"tag\">Presse<\/a>\t\t<\/span>\n\t<\/div><!-- .entry-taxonomies -->\n\t<h2 class=\"entry-title\"><a href=\"https:\/\/xn--pro-sdharz-eeb.de\/?p=616\" rel=\"bookmark\">NDR: Mehr Gipsabbau wegen Kohleausstieg? Natursch\u00fctzer und Meyer dagegen<\/a><\/h2>\t<div class=\"entry-meta entry-meta-divider-dot\">\n\t<span class=\"posted-by\"><span class=\"meta-label\">Von<\/span><span class=\"author vcard\"><span class=\"fn n\">admin<\/span><\/span><\/span>\t\t\t<span class=\"posted-on\">\n\t\t\t\t<time class=\"entry-date published\" datetime=\"2025-08-27T10:09:00+02:00\">27. August 2025<\/time><time class=\"updated\" datetime=\"2025-10-21T10:48:43+02:00\">21. Oktober 2025<\/time>\t\t\t<\/span>\n\t\t\t\t<\/div><!-- .entry-meta -->\n\t<\/header><!-- .entry-header -->\n\t<div class=\"entry-summary\">\n\t\t<p>Im S\u00fcdharz bauen Firmen Naturgips ab. Der Naturschutzverband BUND jedoch ist dagegen und h\u00e4lt die dortige Gipskarstlandschaft f\u00fcr sch\u00fctzenswert. Umweltminister Meyer pflichtet ihnen nun bei. https:\/\/www.ndr.de\/nachrichten\/niedersachsen\/braunschweig_harz_goettingen\/mehr-gips-abbau-wegen-kohleausstieg-naturschuetzer-fordern-ein-ende,gipsabbau-100.html<\/p>\n\t<\/div><!-- .entry-summary -->\n\t<footer class=\"entry-footer\">\n\t\t\t<div class=\"entry-actions\">\n\t\t\t<p class=\"more-link-wrap\">\n\t\t\t\t<a href=\"https:\/\/xn--pro-sdharz-eeb.de\/?p=616\" class=\"post-more-link\">\n\t\t\t\t\tWeiterlesen<span class=\"screen-reader-text\"> NDR: Mehr Gipsabbau wegen Kohleausstieg? Natursch\u00fctzer und Meyer dagegen<\/span><span class=\"kadence-svg-iconset svg-baseline\"><svg aria-hidden=\"true\" class=\"kadence-svg-icon kadence-arrow-right-alt-svg\" fill=\"currentColor\" version=\"1.1\" xmlns=\"http:\/\/www.w3.org\/2000\/svg\" width=\"27\" height=\"28\" viewBox=\"0 0 27 28\"><title>Fortfahren<\/title><path d=\"M27 13.953c0 0.141-0.063 0.281-0.156 0.375l-6 5.531c-0.156 0.141-0.359 0.172-0.547 0.094-0.172-0.078-0.297-0.25-0.297-0.453v-3.5h-19.5c-0.281 0-0.5-0.219-0.5-0.5v-3c0-0.281 0.219-0.5 0.5-0.5h19.5v-3.5c0-0.203 0.109-0.375 0.297-0.453s0.391-0.047 0.547 0.078l6 5.469c0.094 0.094 0.156 0.219 0.156 0.359v0z\"><\/path>\n\t\t\t<\/svg><\/span>\t\t\t\t<\/a>\n\t\t\t<\/p>\n\t\t<\/div><!-- .entry-actions -->\n\t\t<\/footer><!-- .entry-footer -->\t\t<\/div>\n\t<\/article>\n<\/li>\n<li class=\"kb-post-list-item\">\n\t<article class=\"entry content-bg loop-entry post-601 post type-post status-publish format-standard hentry category-presse tag-mdr\">\n\t\t\t\t<div class=\"entry-content-wrap\">\n\t\t\t<header class=\"entry-header\">\n\t\t<div class=\"entry-taxonomies\">\n\t\t<span class=\"category-links term-links category-style-normal\">\n\t\t\t<a href=\"https:\/\/xn--pro-sdharz-eeb.de\/?cat=7\" class=\"category-link-presse\" rel=\"tag\">Presse<\/a>\t\t<\/span>\n\t<\/div><!-- .entry-taxonomies -->\n\t<h2 class=\"entry-title\"><a href=\"https:\/\/xn--pro-sdharz-eeb.de\/?p=601\" rel=\"bookmark\">MDR: BUND fordert Schutz der Gipskarst-Landschaft<\/a><\/h2>\t<div class=\"entry-meta entry-meta-divider-dot\">\n\t<span class=\"posted-by\"><span class=\"meta-label\">Von<\/span><span class=\"author vcard\"><span class=\"fn n\">admin<\/span><\/span><\/span>\t\t\t<span class=\"posted-on\">\n\t\t\t\t<time class=\"entry-date published\" datetime=\"2025-08-25T19:00:00+02:00\">25. August 2025<\/time><time class=\"updated\" datetime=\"2025-10-21T10:34:01+02:00\">21. Oktober 2025<\/time>\t\t\t<\/span>\n\t\t\t\t<\/div><!-- .entry-meta -->\n\t<\/header><!-- .entry-header -->\n\t<div class=\"entry-summary\">\n\t\t<p>Gips f\u00e4llt als Abfallprodukt aus der Kohleverstromung an, mit dem Ausstieg versiegt diese Quelle. So kommen nat\u00fcrliche Gipsvorkommen wie im S\u00fcdharz ins Visier &#8211; und eine weltweit einzigartige Karstlandschaft unter Druck. https:\/\/www.mdr.de\/video\/mdr-videos\/f\/video-949868.html<\/p>\n\t<\/div><!-- .entry-summary -->\n\t<footer class=\"entry-footer\">\n\t\t\t<div class=\"entry-actions\">\n\t\t\t<p class=\"more-link-wrap\">\n\t\t\t\t<a href=\"https:\/\/xn--pro-sdharz-eeb.de\/?p=601\" class=\"post-more-link\">\n\t\t\t\t\tWeiterlesen<span class=\"screen-reader-text\"> MDR: BUND fordert Schutz der Gipskarst-Landschaft<\/span><span class=\"kadence-svg-iconset svg-baseline\"><svg aria-hidden=\"true\" class=\"kadence-svg-icon kadence-arrow-right-alt-svg\" fill=\"currentColor\" version=\"1.1\" xmlns=\"http:\/\/www.w3.org\/2000\/svg\" width=\"27\" height=\"28\" viewBox=\"0 0 27 28\"><title>Fortfahren<\/title><path d=\"M27 13.953c0 0.141-0.063 0.281-0.156 0.375l-6 5.531c-0.156 0.141-0.359 0.172-0.547 0.094-0.172-0.078-0.297-0.25-0.297-0.453v-3.5h-19.5c-0.281 0-0.5-0.219-0.5-0.5v-3c0-0.281 0.219-0.5 0.5-0.5h19.5v-3.5c0-0.203 0.109-0.375 0.297-0.453s0.391-0.047 0.547 0.078l6 5.469c0.094 0.094 0.156 0.219 0.156 0.359v0z\"><\/path>\n\t\t\t<\/svg><\/span>\t\t\t\t<\/a>\n\t\t\t<\/p>\n\t\t<\/div><!-- .entry-actions -->\n\t\t<\/footer><!-- .entry-footer -->\t\t<\/div>\n\t<\/article>\n<\/li>\n<li class=\"kb-post-list-item\">\n\t<article class=\"entry content-bg loop-entry post-595 post type-post status-publish format-standard hentry category-presse\">\n\t\t\t\t<div class=\"entry-content-wrap\">\n\t\t\t<header class=\"entry-header\">\n\t\t<div class=\"entry-taxonomies\">\n\t\t<span class=\"category-links term-links category-style-normal\">\n\t\t\t<a href=\"https:\/\/xn--pro-sdharz-eeb.de\/?cat=7\" class=\"category-link-presse\" rel=\"tag\">Presse<\/a>\t\t<\/span>\n\t<\/div><!-- .entry-taxonomies -->\n\t<h2 class=\"entry-title\"><a href=\"https:\/\/xn--pro-sdharz-eeb.de\/?p=595\" rel=\"bookmark\">Rechtslupe: Naturgipsvorkommen im S\u00fcdharz \u2013 aber vorl\u00e4ufig keine\u00a0Probebohrungen<\/a><\/h2>\t<div class=\"entry-meta entry-meta-divider-dot\">\n\t<span class=\"posted-by\"><span class=\"meta-label\">Von<\/span><span class=\"author vcard\"><span class=\"fn n\">admin<\/span><\/span><\/span>\t\t\t<span class=\"posted-on\">\n\t\t\t\t<time class=\"entry-date published\" datetime=\"2025-05-05T00:00:00+02:00\">5. Mai 2025<\/time><time class=\"updated\" datetime=\"2025-05-05T17:24:07+02:00\">5. Mai 2025<\/time>\t\t\t<\/span>\n\t\t\t\t<\/div><!-- .entry-meta -->\n\t<\/header><!-- .entry-header -->\n\t<div class=\"entry-summary\">\n\t\t<p>Das Oberverwaltungsgericht des Landes Sachsen-Anhalt hat die aufschiebende Wirkung des Widerspruchs des BUND gegen den Bescheid des Landkreis Mansfeld-S\u00fcdharz vom 9. Dezember 2024 wiederhergestellt, wonach der Landkreis der Beigeladenen Probebohrungen nach Naturgipsvorkommen im S\u00fcdharz genehmigt hatte. Damit sind vorl\u00e4ufig (bis zur Entscheidung \u00fcber den Widerspruch des BUND gegen die Genehmigung zur Durchf\u00fchrung) weitere Probebohrungen nach&#8230;<\/p>\n\t<\/div><!-- .entry-summary -->\n\t<footer class=\"entry-footer\">\n\t\t\t<div class=\"entry-actions\">\n\t\t\t<p class=\"more-link-wrap\">\n\t\t\t\t<a href=\"https:\/\/xn--pro-sdharz-eeb.de\/?p=595\" class=\"post-more-link\">\n\t\t\t\t\tWeiterlesen<span class=\"screen-reader-text\"> Rechtslupe: Naturgipsvorkommen im S\u00fcdharz \u2013 aber vorl\u00e4ufig keine\u00a0Probebohrungen<\/span><span class=\"kadence-svg-iconset svg-baseline\"><svg aria-hidden=\"true\" class=\"kadence-svg-icon kadence-arrow-right-alt-svg\" fill=\"currentColor\" version=\"1.1\" xmlns=\"http:\/\/www.w3.org\/2000\/svg\" width=\"27\" height=\"28\" viewBox=\"0 0 27 28\"><title>Fortfahren<\/title><path d=\"M27 13.953c0 0.141-0.063 0.281-0.156 0.375l-6 5.531c-0.156 0.141-0.359 0.172-0.547 0.094-0.172-0.078-0.297-0.25-0.297-0.453v-3.5h-19.5c-0.281 0-0.5-0.219-0.5-0.5v-3c0-0.281 0.219-0.5 0.5-0.5h19.5v-3.5c0-0.203 0.109-0.375 0.297-0.453s0.391-0.047 0.547 0.078l6 5.469c0.094 0.094 0.156 0.219 0.156 0.359v0z\"><\/path>\n\t\t\t<\/svg><\/span>\t\t\t\t<\/a>\n\t\t\t<\/p>\n\t\t<\/div><!-- .entry-actions -->\n\t\t<\/footer><!-- .entry-footer -->\t\t<\/div>\n\t<\/article>\n<\/li>\n<li class=\"kb-post-list-item\">\n\t<article class=\"entry content-bg loop-entry post-593 post type-post status-publish format-standard hentry category-informationen category-presse\">\n\t\t\t\t<div class=\"entry-content-wrap\">\n\t\t\t<header class=\"entry-header\">\n\t\t<div class=\"entry-taxonomies\">\n\t\t<span class=\"category-links term-links category-style-normal\">\n\t\t\t<a href=\"https:\/\/xn--pro-sdharz-eeb.de\/?cat=9\" class=\"category-link-informationen\" rel=\"tag\">Informationen<\/a> | <a href=\"https:\/\/xn--pro-sdharz-eeb.de\/?cat=7\" class=\"category-link-presse\" rel=\"tag\">Presse<\/a>\t\t<\/span>\n\t<\/div><!-- .entry-taxonomies -->\n\t<h2 class=\"entry-title\"><a href=\"https:\/\/xn--pro-sdharz-eeb.de\/?p=593\" rel=\"bookmark\">BaustoffMarkt: Knauf startet \u201eGipsBack\u201c<\/a><\/h2>\t<div class=\"entry-meta entry-meta-divider-dot\">\n\t<span class=\"posted-by\"><span class=\"meta-label\">Von<\/span><span class=\"author vcard\"><span class=\"fn n\">admin<\/span><\/span><\/span>\t\t\t<span class=\"posted-on\">\n\t\t\t\t<time class=\"entry-date published\" datetime=\"2025-04-30T08:00:00+02:00\">30. April 2025<\/time><time class=\"updated\" datetime=\"2025-05-05T17:20:41+02:00\">5. Mai 2025<\/time>\t\t\t<\/span>\n\t\t\t\t<\/div><!-- .entry-meta -->\n\t<\/header><!-- .entry-header -->\n\t<div class=\"entry-summary\">\n\t\t<p>Unter dem Namen GipsBack f\u00fchrt Knauf ein bundesweites R\u00fccknahme-System f\u00fcr Gipsplattenverschnitt auf Baustellen ein. Das gemeinsam mit dem Partner GFR (Gesellschaft f\u00fcr die Aufbereitung und Verwertung von Reststoffen) entwickelte System biete eine einfache und nutzerfreundliche L\u00f6sung f\u00fcr die R\u00fccknahme von sortenreinen Gipsplattenabf\u00e4llen, hei\u00dft es vom Baustoffhersteller. https:\/\/www.baustoffmarkt-online.de\/knauf-startet-gipsback-30042025<\/p>\n\t<\/div><!-- .entry-summary -->\n\t<footer class=\"entry-footer\">\n\t\t\t<div class=\"entry-actions\">\n\t\t\t<p class=\"more-link-wrap\">\n\t\t\t\t<a href=\"https:\/\/xn--pro-sdharz-eeb.de\/?p=593\" class=\"post-more-link\">\n\t\t\t\t\tWeiterlesen<span class=\"screen-reader-text\"> BaustoffMarkt: Knauf startet \u201eGipsBack\u201c<\/span><span class=\"kadence-svg-iconset svg-baseline\"><svg aria-hidden=\"true\" class=\"kadence-svg-icon kadence-arrow-right-alt-svg\" fill=\"currentColor\" version=\"1.1\" xmlns=\"http:\/\/www.w3.org\/2000\/svg\" width=\"27\" height=\"28\" viewBox=\"0 0 27 28\"><title>Fortfahren<\/title><path d=\"M27 13.953c0 0.141-0.063 0.281-0.156 0.375l-6 5.531c-0.156 0.141-0.359 0.172-0.547 0.094-0.172-0.078-0.297-0.25-0.297-0.453v-3.5h-19.5c-0.281 0-0.5-0.219-0.5-0.5v-3c0-0.281 0.219-0.5 0.5-0.5h19.5v-3.5c0-0.203 0.109-0.375 0.297-0.453s0.391-0.047 0.547 0.078l6 5.469c0.094 0.094 0.156 0.219 0.156 0.359v0z\"><\/path>\n\t\t\t<\/svg><\/span>\t\t\t\t<\/a>\n\t\t\t<\/p>\n\t\t<\/div><!-- .entry-actions -->\n\t\t<\/footer><!-- .entry-footer -->\t\t<\/div>\n\t<\/article>\n<\/li>\n<li class=\"kb-post-list-item\">\n\t<article class=\"entry content-bg loop-entry post-589 post type-post status-publish format-standard hentry category-presse tag-mz\">\n\t\t\t\t<div class=\"entry-content-wrap\">\n\t\t\t<header class=\"entry-header\">\n\t\t<div class=\"entry-taxonomies\">\n\t\t<span class=\"category-links term-links category-style-normal\">\n\t\t\t<a href=\"https:\/\/xn--pro-sdharz-eeb.de\/?cat=7\" class=\"category-link-presse\" rel=\"tag\">Presse<\/a>\t\t<\/span>\n\t<\/div><!-- .entry-taxonomies -->\n\t<h2 class=\"entry-title\"><a href=\"https:\/\/xn--pro-sdharz-eeb.de\/?p=589\" rel=\"bookmark\">MZ: Schutzgebiete wegen Gipsabbau in Gefahr? Was ist dran an der geleakten Karte?<\/a><\/h2>\t<div class=\"entry-meta entry-meta-divider-dot\">\n\t<span class=\"posted-by\"><span class=\"meta-label\">Von<\/span><span class=\"author vcard\"><span class=\"fn n\">admin<\/span><\/span><\/span>\t\t\t<span class=\"posted-on\">\n\t\t\t\t<time class=\"entry-date published\" datetime=\"2025-04-24T13:28:00+02:00\">24. April 2025<\/time><time class=\"updated\" datetime=\"2025-05-05T17:12:22+02:00\">5. Mai 2025<\/time>\t\t\t<\/span>\n\t\t\t\t<\/div><!-- .entry-meta -->\n\t<\/header><!-- .entry-header -->\n\t<div class=\"entry-summary\">\n\t\t<p>Suche nach Gips im S\u00fcdharz&nbsp;Schutzgebiete wegen Gipsabbau in Gefahr? Was ist dran an der geleakten Karte? Eine vermeintlich enth\u00fcllte Karte versetzt den S\u00fcdharz in Aufruhr und Angst. Darauf zu sehen: m\u00f6gliche Gips-Abbaugebiete in der Region. Um was geht es und was ist an den Ger\u00fcchten dran? https:\/\/www.mz.de\/lokal\/sangerhausen\/natur-gips-knauf-abbau-schutzgebiet-probebohrung-4035536<\/p>\n\t<\/div><!-- .entry-summary -->\n\t<footer class=\"entry-footer\">\n\t\t\t<div class=\"entry-actions\">\n\t\t\t<p class=\"more-link-wrap\">\n\t\t\t\t<a href=\"https:\/\/xn--pro-sdharz-eeb.de\/?p=589\" class=\"post-more-link\">\n\t\t\t\t\tWeiterlesen<span class=\"screen-reader-text\"> MZ: Schutzgebiete wegen Gipsabbau in Gefahr? Was ist dran an der geleakten Karte?<\/span><span class=\"kadence-svg-iconset svg-baseline\"><svg aria-hidden=\"true\" class=\"kadence-svg-icon kadence-arrow-right-alt-svg\" fill=\"currentColor\" version=\"1.1\" xmlns=\"http:\/\/www.w3.org\/2000\/svg\" width=\"27\" height=\"28\" viewBox=\"0 0 27 28\"><title>Fortfahren<\/title><path d=\"M27 13.953c0 0.141-0.063 0.281-0.156 0.375l-6 5.531c-0.156 0.141-0.359 0.172-0.547 0.094-0.172-0.078-0.297-0.25-0.297-0.453v-3.5h-19.5c-0.281 0-0.5-0.219-0.5-0.5v-3c0-0.281 0.219-0.5 0.5-0.5h19.5v-3.5c0-0.203 0.109-0.375 0.297-0.453s0.391-0.047 0.547 0.078l6 5.469c0.094 0.094 0.156 0.219 0.156 0.359v0z\"><\/path>\n\t\t\t<\/svg><\/span>\t\t\t\t<\/a>\n\t\t\t<\/p>\n\t\t<\/div><!-- .entry-actions -->\n\t\t<\/footer><!-- .entry-footer -->\t\t<\/div>\n\t<\/article>\n<\/li>\n<li class=\"kb-post-list-item\">\n\t<article class=\"entry content-bg loop-entry post-591 post type-post status-publish format-standard hentry category-informationen category-presse\">\n\t\t\t\t<div class=\"entry-content-wrap\">\n\t\t\t<header class=\"entry-header\">\n\t\t<div class=\"entry-taxonomies\">\n\t\t<span class=\"category-links term-links category-style-normal\">\n\t\t\t<a href=\"https:\/\/xn--pro-sdharz-eeb.de\/?cat=9\" class=\"category-link-informationen\" rel=\"tag\">Informationen<\/a> | <a href=\"https:\/\/xn--pro-sdharz-eeb.de\/?cat=7\" class=\"category-link-presse\" rel=\"tag\">Presse<\/a>\t\t<\/span>\n\t<\/div><!-- .entry-taxonomies -->\n\t<h2 class=\"entry-title\"><a href=\"https:\/\/xn--pro-sdharz-eeb.de\/?p=591\" rel=\"bookmark\">BR: Umstrittenes Gipsbergwerk wird jetzt &#8222;Chefsache&#8220; im Ministerium<\/a><\/h2>\t<div class=\"entry-meta entry-meta-divider-dot\">\n\t<span class=\"posted-by\"><span class=\"meta-label\">Von<\/span><span class=\"author vcard\"><span class=\"fn n\">admin<\/span><\/span><\/span>\t\t\t<span class=\"posted-on\">\n\t\t\t\t<time class=\"entry-date published\" datetime=\"2025-04-24T12:45:00+02:00\">24. April 2025<\/time><time class=\"updated\" datetime=\"2025-05-05T17:18:38+02:00\">5. Mai 2025<\/time>\t\t\t<\/span>\n\t\t\t\t<\/div><!-- .entry-meta -->\n\t<\/header><!-- .entry-header -->\n\t<div class=\"entry-summary\">\n\t\t<p>Das Gipsbergwerk, das die Firma Knauf in Altertheim (Landkreis W\u00fcrzburg) bauen will, sorgt derzeit f\u00fcr hitzige Debatten: Denn in der Region formiert sich immer mehr Widerstand. Bei &#8222;jetzt red i&#8220; diskutierten B\u00fcrgerinnen und B\u00fcrger vor Ort. https:\/\/www.br.de\/nachrichten\/bayern\/umstrittenes-gipsbergwerk-wird-jetzt-chefsache-im-ministerium,UjEUrXN ARD Mediathek: https:\/\/www.ardmediathek.de\/video\/jetzt-red-i\/streit-um-geplantes-gips-bergwerk-gefahr-fuer-wuerzburgs-trinkwasser\/br\/Y3JpZDovL2JyLmRlL2Jyb2FkY2FzdC9GMjAyNFdPMDE2Mjk1QTA<\/p>\n\t<\/div><!-- .entry-summary -->\n\t<footer class=\"entry-footer\">\n\t\t\t<div class=\"entry-actions\">\n\t\t\t<p class=\"more-link-wrap\">\n\t\t\t\t<a href=\"https:\/\/xn--pro-sdharz-eeb.de\/?p=591\" class=\"post-more-link\">\n\t\t\t\t\tWeiterlesen<span class=\"screen-reader-text\"> BR: Umstrittenes Gipsbergwerk wird jetzt &#8222;Chefsache&#8220; im Ministerium<\/span><span class=\"kadence-svg-iconset svg-baseline\"><svg aria-hidden=\"true\" class=\"kadence-svg-icon kadence-arrow-right-alt-svg\" fill=\"currentColor\" version=\"1.1\" xmlns=\"http:\/\/www.w3.org\/2000\/svg\" width=\"27\" height=\"28\" viewBox=\"0 0 27 28\"><title>Fortfahren<\/title><path d=\"M27 13.953c0 0.141-0.063 0.281-0.156 0.375l-6 5.531c-0.156 0.141-0.359 0.172-0.547 0.094-0.172-0.078-0.297-0.25-0.297-0.453v-3.5h-19.5c-0.281 0-0.5-0.219-0.5-0.5v-3c0-0.281 0.219-0.5 0.5-0.5h19.5v-3.5c0-0.203 0.109-0.375 0.297-0.453s0.391-0.047 0.547 0.078l6 5.469c0.094 0.094 0.156 0.219 0.156 0.359v0z\"><\/path>\n\t\t\t<\/svg><\/span>\t\t\t\t<\/a>\n\t\t\t<\/p>\n\t\t<\/div><!-- .entry-actions -->\n\t\t<\/footer><!-- .entry-footer -->\t\t<\/div>\n\t<\/article>\n<\/li>\n<li class=\"kb-post-list-item\">\n\t<article class=\"entry content-bg loop-entry post-587 post type-post status-publish format-standard hentry category-presse tag-mz\">\n\t\t\t\t<div class=\"entry-content-wrap\">\n\t\t\t<header class=\"entry-header\">\n\t\t<div class=\"entry-taxonomies\">\n\t\t<span class=\"category-links term-links category-style-normal\">\n\t\t\t<a href=\"https:\/\/xn--pro-sdharz-eeb.de\/?cat=7\" class=\"category-link-presse\" rel=\"tag\">Presse<\/a>\t\t<\/span>\n\t<\/div><!-- .entry-taxonomies -->\n\t<h2 class=\"entry-title\"><a href=\"https:\/\/xn--pro-sdharz-eeb.de\/?p=587\" rel=\"bookmark\">MZ: Oberverwaltungsgericht stoppt Gips-Probebohrungen im S\u00fcdharz<\/a><\/h2>\t<div class=\"entry-meta entry-meta-divider-dot\">\n\t<span class=\"posted-by\"><span class=\"meta-label\">Von<\/span><span class=\"author vcard\"><span class=\"fn n\">admin<\/span><\/span><\/span>\t\t\t<span class=\"posted-on\">\n\t\t\t\t<time class=\"entry-date published\" datetime=\"2025-02-18T13:09:00+01:00\">18. Februar 2025<\/time><time class=\"updated\" datetime=\"2025-05-05T17:10:58+02:00\">5. Mai 2025<\/time>\t\t\t<\/span>\n\t\t\t\t<\/div><!-- .entry-meta -->\n\t<\/header><!-- .entry-header -->\n\t<div class=\"entry-summary\">\n\t\t<p>Wie stark greifen Probebohrungen zu Naturgips-Vorkommen in die Umwelt ein? Wie schwer wiegt das Interesse an der Rohstoffgewinnung? Der Streit besch\u00e4ftigt schon die zweite Instanz. Magdeburg\/Halle\/Sangerhausen &#8211; Das Oberverwaltungsgericht des Landes Sachsen-Anhalt hat Probebohrungen zur Erkundung von Naturgipsvorkommen im S\u00fcdharz vorl\u00e4ufig untersagt. Bis zu einer beh\u00f6rdlichen Entscheidung \u00fcber den Widerspruch des Bundes f\u00fcr Umwelt und&#8230;<\/p>\n\t<\/div><!-- .entry-summary -->\n\t<footer class=\"entry-footer\">\n\t\t\t<div class=\"entry-actions\">\n\t\t\t<p class=\"more-link-wrap\">\n\t\t\t\t<a href=\"https:\/\/xn--pro-sdharz-eeb.de\/?p=587\" class=\"post-more-link\">\n\t\t\t\t\tWeiterlesen<span class=\"screen-reader-text\"> MZ: Oberverwaltungsgericht stoppt Gips-Probebohrungen im S\u00fcdharz<\/span><span class=\"kadence-svg-iconset svg-baseline\"><svg aria-hidden=\"true\" class=\"kadence-svg-icon kadence-arrow-right-alt-svg\" fill=\"currentColor\" version=\"1.1\" xmlns=\"http:\/\/www.w3.org\/2000\/svg\" width=\"27\" height=\"28\" viewBox=\"0 0 27 28\"><title>Fortfahren<\/title><path d=\"M27 13.953c0 0.141-0.063 0.281-0.156 0.375l-6 5.531c-0.156 0.141-0.359 0.172-0.547 0.094-0.172-0.078-0.297-0.25-0.297-0.453v-3.5h-19.5c-0.281 0-0.5-0.219-0.5-0.5v-3c0-0.281 0.219-0.5 0.5-0.5h19.5v-3.5c0-0.203 0.109-0.375 0.297-0.453s0.391-0.047 0.547 0.078l6 5.469c0.094 0.094 0.156 0.219 0.156 0.359v0z\"><\/path>\n\t\t\t<\/svg><\/span>\t\t\t\t<\/a>\n\t\t\t<\/p>\n\t\t<\/div><!-- .entry-actions -->\n\t\t<\/footer><!-- .entry-footer -->\t\t<\/div>\n\t<\/article>\n<\/li>\n<li class=\"kb-post-list-item\">\n\t<article class=\"entry content-bg loop-entry post-560 post type-post status-publish format-standard hentry category-presse\">\n\t\t\t\t<div class=\"entry-content-wrap\">\n\t\t\t<header class=\"entry-header\">\n\t\t<div class=\"entry-taxonomies\">\n\t\t<span class=\"category-links term-links category-style-normal\">\n\t\t\t<a href=\"https:\/\/xn--pro-sdharz-eeb.de\/?cat=7\" class=\"category-link-presse\" rel=\"tag\">Presse<\/a>\t\t<\/span>\n\t<\/div><!-- .entry-taxonomies -->\n\t<h2 class=\"entry-title\"><a href=\"https:\/\/xn--pro-sdharz-eeb.de\/?p=560\" rel=\"bookmark\">MZ: Paukenschlag im Streit um Gips-Probebohrungen von Knauf &#8211; Letztes Wort vor Gericht gesprochen?<\/a><\/h2>\t<div class=\"entry-meta entry-meta-divider-dot\">\n\t<span class=\"posted-by\"><span class=\"meta-label\">Von<\/span><span class=\"author vcard\"><span class=\"fn n\">admin<\/span><\/span><\/span>\t\t\t<span class=\"posted-on\">\n\t\t\t\t<time class=\"entry-date published\" datetime=\"2025-02-16T15:06:00+01:00\">16. Februar 2025<\/time><time class=\"updated\" datetime=\"2025-02-16T16:30:39+01:00\">16. Februar 2025<\/time>\t\t\t<\/span>\n\t\t\t\t<\/div><!-- .entry-meta -->\n\t<\/header><!-- .entry-header -->\n\t<div class=\"entry-summary\">\n\t\t<p>Nach monatelangen Diskussionen zwischen dem Landkreis Mansfeld-S\u00fcdharz und Umweltverb\u00e4nden wie dem BUND um eine Genehmigung der Gips-Bohrungen von Knauf im Naturschutzgebiet im S\u00fcdharz k\u00f6nnte nun das letzte Wort gesprochen sein. https:\/\/www.mz.de\/lokal\/sangerhausen\/naturschutz-streit-gips-probebohrungen-suedharz-knauf-gericht-4000334<\/p>\n\t<\/div><!-- .entry-summary -->\n\t<footer class=\"entry-footer\">\n\t\t\t<div class=\"entry-actions\">\n\t\t\t<p class=\"more-link-wrap\">\n\t\t\t\t<a href=\"https:\/\/xn--pro-sdharz-eeb.de\/?p=560\" class=\"post-more-link\">\n\t\t\t\t\tWeiterlesen<span class=\"screen-reader-text\"> MZ: Paukenschlag im Streit um Gips-Probebohrungen von Knauf &#8211; Letztes Wort vor Gericht gesprochen?<\/span><span class=\"kadence-svg-iconset svg-baseline\"><svg aria-hidden=\"true\" class=\"kadence-svg-icon kadence-arrow-right-alt-svg\" fill=\"currentColor\" version=\"1.1\" xmlns=\"http:\/\/www.w3.org\/2000\/svg\" width=\"27\" height=\"28\" viewBox=\"0 0 27 28\"><title>Fortfahren<\/title><path d=\"M27 13.953c0 0.141-0.063 0.281-0.156 0.375l-6 5.531c-0.156 0.141-0.359 0.172-0.547 0.094-0.172-0.078-0.297-0.25-0.297-0.453v-3.5h-19.5c-0.281 0-0.5-0.219-0.5-0.5v-3c0-0.281 0.219-0.5 0.5-0.5h19.5v-3.5c0-0.203 0.109-0.375 0.297-0.453s0.391-0.047 0.547 0.078l6 5.469c0.094 0.094 0.156 0.219 0.156 0.359v0z\"><\/path>\n\t\t\t<\/svg><\/span>\t\t\t\t<\/a>\n\t\t\t<\/p>\n\t\t<\/div><!-- .entry-actions -->\n\t\t<\/footer><!-- .entry-footer -->\t\t<\/div>\n\t<\/article>\n<\/li>\n<li class=\"kb-post-list-item\">\n\t<article class=\"entry content-bg loop-entry post-545 post type-post status-publish format-standard hentry category-presse\">\n\t\t\t\t<div class=\"entry-content-wrap\">\n\t\t\t<header class=\"entry-header\">\n\t\t<div class=\"entry-taxonomies\">\n\t\t<span class=\"category-links term-links category-style-normal\">\n\t\t\t<a href=\"https:\/\/xn--pro-sdharz-eeb.de\/?cat=7\" class=\"category-link-presse\" rel=\"tag\">Presse<\/a>\t\t<\/span>\n\t<\/div><!-- .entry-taxonomies -->\n\t<h2 class=\"entry-title\"><a href=\"https:\/\/xn--pro-sdharz-eeb.de\/?p=545\" rel=\"bookmark\">MZ: Entscheidung aus Magdeburg &#8211; Nach Beschwerde des BUND: Gericht stoppt Probebohrungen nach Gips im S\u00fcdharz<\/a><\/h2>\t<div class=\"entry-meta entry-meta-divider-dot\">\n\t<span class=\"posted-by\"><span class=\"meta-label\">Von<\/span><span class=\"author vcard\"><span class=\"fn n\">admin<\/span><\/span><\/span>\t\t\t<span class=\"posted-on\">\n\t\t\t\t<time class=\"entry-date published\" datetime=\"2025-02-07T16:00:00+01:00\">7. Februar 2025<\/time><time class=\"updated\" datetime=\"2025-02-07T16:21:56+01:00\">7. Februar 2025<\/time>\t\t\t<\/span>\n\t\t\t\t<\/div><!-- .entry-meta -->\n\t<\/header><!-- .entry-header -->\n\t<div class=\"entry-summary\">\n\t\t<p>Der BUND hat bez\u00fcglich der Probebohrungen in der Karstlandschaft S\u00fcdharz das Oberverwaltungsgericht eingeschaltet. Das hat nun die Probebohrungen vorerst untersagt. https:\/\/www.mz.de\/lokal\/sangerhausen\/nach-beschwerde-des-bund-gericht-stoppt-probebohrungen-nach-gips-im-sudharz-3995795<\/p>\n\t<\/div><!-- .entry-summary -->\n\t<footer class=\"entry-footer\">\n\t\t\t<div class=\"entry-actions\">\n\t\t\t<p class=\"more-link-wrap\">\n\t\t\t\t<a href=\"https:\/\/xn--pro-sdharz-eeb.de\/?p=545\" class=\"post-more-link\">\n\t\t\t\t\tWeiterlesen<span class=\"screen-reader-text\"> MZ: Entscheidung aus Magdeburg &#8211; Nach Beschwerde des BUND: Gericht stoppt Probebohrungen nach Gips im S\u00fcdharz<\/span><span class=\"kadence-svg-iconset svg-baseline\"><svg aria-hidden=\"true\" class=\"kadence-svg-icon kadence-arrow-right-alt-svg\" fill=\"currentColor\" version=\"1.1\" xmlns=\"http:\/\/www.w3.org\/2000\/svg\" width=\"27\" height=\"28\" viewBox=\"0 0 27 28\"><title>Fortfahren<\/title><path d=\"M27 13.953c0 0.141-0.063 0.281-0.156 0.375l-6 5.531c-0.156 0.141-0.359 0.172-0.547 0.094-0.172-0.078-0.297-0.25-0.297-0.453v-3.5h-19.5c-0.281 0-0.5-0.219-0.5-0.5v-3c0-0.281 0.219-0.5 0.5-0.5h19.5v-3.5c0-0.203 0.109-0.375 0.297-0.453s0.391-0.047 0.547 0.078l6 5.469c0.094 0.094 0.156 0.219 0.156 0.359v0z\"><\/path>\n\t\t\t<\/svg><\/span>\t\t\t\t<\/a>\n\t\t\t<\/p>\n\t\t<\/div><!-- .entry-actions -->\n\t\t<\/footer><!-- .entry-footer -->\t\t<\/div>\n\t<\/article>\n<\/li>\n<li class=\"kb-post-list-item\">\n\t<article class=\"entry content-bg loop-entry post-543 post type-post status-publish format-standard hentry category-presse\">\n\t\t\t\t<div class=\"entry-content-wrap\">\n\t\t\t<header class=\"entry-header\">\n\t\t<div class=\"entry-taxonomies\">\n\t\t<span class=\"category-links term-links category-style-normal\">\n\t\t\t<a href=\"https:\/\/xn--pro-sdharz-eeb.de\/?cat=7\" class=\"category-link-presse\" rel=\"tag\">Presse<\/a>\t\t<\/span>\n\t<\/div><!-- .entry-taxonomies -->\n\t<h2 class=\"entry-title\"><a href=\"https:\/\/xn--pro-sdharz-eeb.de\/?p=543\" rel=\"bookmark\">Welt\/dpa: Gericht: Vorerst keine Gips-Probebohrungen im S\u00fcdharz<\/a><\/h2>\t<div class=\"entry-meta entry-meta-divider-dot\">\n\t<span class=\"posted-by\"><span class=\"meta-label\">Von<\/span><span class=\"author vcard\"><span class=\"fn n\">admin<\/span><\/span><\/span>\t\t\t<span class=\"posted-on\">\n\t\t\t\t<time class=\"entry-date published\" datetime=\"2025-02-07T15:00:00+01:00\">7. Februar 2025<\/time><time class=\"updated\" datetime=\"2025-02-07T16:20:29+01:00\">7. Februar 2025<\/time>\t\t\t<\/span>\n\t\t\t\t<\/div><!-- .entry-meta -->\n\t<\/header><!-- .entry-header -->\n\t<div class=\"entry-summary\">\n\t\t<p>Gipsvorkommen im S\u00fcdharz k\u00f6nnten als Rohstoff genutzt werden. Umweltsch\u00fctzer wollen das vor Gericht verhindern. Die zweite Instanz hat bis zu ihrer Entscheidung einen Stopp verf\u00fcgt. https:\/\/www.welt.de\/regionales\/niedersachsen\/article255369156\/Gericht-Vorerst-keine-Gips-Probebohrungen-im-Suedharz.html<\/p>\n\t<\/div><!-- .entry-summary -->\n\t<footer class=\"entry-footer\">\n\t\t\t<div class=\"entry-actions\">\n\t\t\t<p class=\"more-link-wrap\">\n\t\t\t\t<a href=\"https:\/\/xn--pro-sdharz-eeb.de\/?p=543\" class=\"post-more-link\">\n\t\t\t\t\tWeiterlesen<span class=\"screen-reader-text\"> Welt\/dpa: Gericht: Vorerst keine Gips-Probebohrungen im S\u00fcdharz<\/span><span class=\"kadence-svg-iconset svg-baseline\"><svg aria-hidden=\"true\" class=\"kadence-svg-icon kadence-arrow-right-alt-svg\" fill=\"currentColor\" version=\"1.1\" xmlns=\"http:\/\/www.w3.org\/2000\/svg\" width=\"27\" height=\"28\" viewBox=\"0 0 27 28\"><title>Fortfahren<\/title><path d=\"M27 13.953c0 0.141-0.063 0.281-0.156 0.375l-6 5.531c-0.156 0.141-0.359 0.172-0.547 0.094-0.172-0.078-0.297-0.25-0.297-0.453v-3.5h-19.5c-0.281 0-0.5-0.219-0.5-0.5v-3c0-0.281 0.219-0.5 0.5-0.5h19.5v-3.5c0-0.203 0.109-0.375 0.297-0.453s0.391-0.047 0.547 0.078l6 5.469c0.094 0.094 0.156 0.219 0.156 0.359v0z\"><\/path>\n\t\t\t<\/svg><\/span>\t\t\t\t<\/a>\n\t\t\t<\/p>\n\t\t<\/div><!-- .entry-actions -->\n\t\t<\/footer><!-- .entry-footer -->\t\t<\/div>\n\t<\/article>\n<\/li>\n<li class=\"kb-post-list-item\">\n\t<article class=\"entry content-bg loop-entry post-548 post type-post status-publish format-standard hentry category-presse\">\n\t\t\t\t<div class=\"entry-content-wrap\">\n\t\t\t<header class=\"entry-header\">\n\t\t<div class=\"entry-taxonomies\">\n\t\t<span class=\"category-links term-links category-style-normal\">\n\t\t\t<a href=\"https:\/\/xn--pro-sdharz-eeb.de\/?cat=7\" class=\"category-link-presse\" rel=\"tag\">Presse<\/a>\t\t<\/span>\n\t<\/div><!-- .entry-taxonomies -->\n\t<h2 class=\"entry-title\"><a href=\"https:\/\/xn--pro-sdharz-eeb.de\/?p=548\" rel=\"bookmark\">MDR: Gipsbohrungen im S\u00fcdharz: Umweltsch\u00fctzer ziehen vor Oberverwaltungsgericht<\/a><\/h2>\t<div class=\"entry-meta entry-meta-divider-dot\">\n\t<span class=\"posted-by\"><span class=\"meta-label\">Von<\/span><span class=\"author vcard\"><span class=\"fn n\">admin<\/span><\/span><\/span>\t\t\t<span class=\"posted-on\">\n\t\t\t\t<time class=\"entry-date published\" datetime=\"2025-02-06T18:37:00+01:00\">6. Februar 2025<\/time><time class=\"updated\" datetime=\"2025-02-07T16:25:03+01:00\">7. Februar 2025<\/time>\t\t\t<\/span>\n\t\t\t\t<\/div><!-- .entry-meta -->\n\t<\/header><!-- .entry-header -->\n\t<div class=\"entry-summary\">\n\t\t<p>Im Streit um geplante Probebohrungen nach Gips im Landkreis Mansfeld-S\u00fcdharz hat das Verwaltungsgericht Halle im Eilverfahren entschieden. Probebohrungen sind im Landschaftsschutzgebiet verboten, im Naturschutzgebiet jedoch erlaubt. Der Bund f\u00fcr Umwelt und Naturschutz klagt nun vor dem Oberverwaltungsgericht. https:\/\/www.mdr.de\/nachrichten\/sachsen-anhalt\/halle\/mansfeld\/gips-probebohrung-landschaftsschutzgebiet-104.html<\/p>\n\t<\/div><!-- .entry-summary -->\n\t<footer class=\"entry-footer\">\n\t\t\t<div class=\"entry-actions\">\n\t\t\t<p class=\"more-link-wrap\">\n\t\t\t\t<a href=\"https:\/\/xn--pro-sdharz-eeb.de\/?p=548\" class=\"post-more-link\">\n\t\t\t\t\tWeiterlesen<span class=\"screen-reader-text\"> MDR: Gipsbohrungen im S\u00fcdharz: Umweltsch\u00fctzer ziehen vor Oberverwaltungsgericht<\/span><span class=\"kadence-svg-iconset svg-baseline\"><svg aria-hidden=\"true\" class=\"kadence-svg-icon kadence-arrow-right-alt-svg\" fill=\"currentColor\" version=\"1.1\" xmlns=\"http:\/\/www.w3.org\/2000\/svg\" width=\"27\" height=\"28\" viewBox=\"0 0 27 28\"><title>Fortfahren<\/title><path d=\"M27 13.953c0 0.141-0.063 0.281-0.156 0.375l-6 5.531c-0.156 0.141-0.359 0.172-0.547 0.094-0.172-0.078-0.297-0.25-0.297-0.453v-3.5h-19.5c-0.281 0-0.5-0.219-0.5-0.5v-3c0-0.281 0.219-0.5 0.5-0.5h19.5v-3.5c0-0.203 0.109-0.375 0.297-0.453s0.391-0.047 0.547 0.078l6 5.469c0.094 0.094 0.156 0.219 0.156 0.359v0z\"><\/path>\n\t\t\t<\/svg><\/span>\t\t\t\t<\/a>\n\t\t\t<\/p>\n\t\t<\/div><!-- .entry-actions -->\n\t\t<\/footer><!-- .entry-footer -->\t\t<\/div>\n\t<\/article>\n<\/li>\n<li class=\"kb-post-list-item\">\n\t<article class=\"entry content-bg loop-entry post-552 post type-post status-publish format-standard hentry category-news category-presse\">\n\t\t\t\t<div class=\"entry-content-wrap\">\n\t\t\t<header class=\"entry-header\">\n\t\t<div class=\"entry-taxonomies\">\n\t\t<span class=\"category-links term-links category-style-normal\">\n\t\t\t<a href=\"https:\/\/xn--pro-sdharz-eeb.de\/?cat=8\" class=\"category-link-news\" rel=\"tag\">News<\/a> | <a href=\"https:\/\/xn--pro-sdharz-eeb.de\/?cat=7\" class=\"category-link-presse\" rel=\"tag\">Presse<\/a>\t\t<\/span>\n\t<\/div><!-- .entry-taxonomies -->\n\t<h2 class=\"entry-title\"><a href=\"https:\/\/xn--pro-sdharz-eeb.de\/?p=552\" rel=\"bookmark\">Wirtschaftsspiegel: Forschungsprojekt entwickelt L\u00f6sungen f\u00fcr Gips-Recycling<\/a><\/h2>\t<div class=\"entry-meta entry-meta-divider-dot\">\n\t<span class=\"posted-by\"><span class=\"meta-label\">Von<\/span><span class=\"author vcard\"><span class=\"fn n\">admin<\/span><\/span><\/span>\t\t\t<span class=\"posted-on\">\n\t\t\t\t<time class=\"entry-date published\" datetime=\"2025-02-06T16:00:00+01:00\">6. Februar 2025<\/time><time class=\"updated\" datetime=\"2025-02-07T16:36:49+01:00\">7. Februar 2025<\/time>\t\t\t<\/span>\n\t\t\t\t<\/div><!-- .entry-meta -->\n\t<\/header><!-- .entry-header -->\n\t<div class=\"entry-summary\">\n\t\t<p>Mit dem Start des Forschungsprojekts RCPoroGipsWandPutz an der Hochschule Nordhausen (HSN) setzt das WIR!-B\u00fcndnis \u201eGipsrecycling als Chance f\u00fcr den S\u00fcdharz\u201c ein starkes Zeichen f\u00fcr Innovation und Nachhaltigkeit in der Bauwirtschaft. WIR! steht f\u00fcr Wandel durch Innovation in der Region. Ziel des Projekts ist es, umweltfreundliche Bauprodukte zu entwickeln, die sowohl Ressourcen schonen als auch Abbruchmaterialien&#8230;<\/p>\n\t<\/div><!-- .entry-summary -->\n\t<footer class=\"entry-footer\">\n\t\t\t<div class=\"entry-actions\">\n\t\t\t<p class=\"more-link-wrap\">\n\t\t\t\t<a href=\"https:\/\/xn--pro-sdharz-eeb.de\/?p=552\" class=\"post-more-link\">\n\t\t\t\t\tWeiterlesen<span class=\"screen-reader-text\"> Wirtschaftsspiegel: Forschungsprojekt entwickelt L\u00f6sungen f\u00fcr Gips-Recycling<\/span><span class=\"kadence-svg-iconset svg-baseline\"><svg aria-hidden=\"true\" class=\"kadence-svg-icon kadence-arrow-right-alt-svg\" fill=\"currentColor\" version=\"1.1\" xmlns=\"http:\/\/www.w3.org\/2000\/svg\" width=\"27\" height=\"28\" viewBox=\"0 0 27 28\"><title>Fortfahren<\/title><path d=\"M27 13.953c0 0.141-0.063 0.281-0.156 0.375l-6 5.531c-0.156 0.141-0.359 0.172-0.547 0.094-0.172-0.078-0.297-0.25-0.297-0.453v-3.5h-19.5c-0.281 0-0.5-0.219-0.5-0.5v-3c0-0.281 0.219-0.5 0.5-0.5h19.5v-3.5c0-0.203 0.109-0.375 0.297-0.453s0.391-0.047 0.547 0.078l6 5.469c0.094 0.094 0.156 0.219 0.156 0.359v0z\"><\/path>\n\t\t\t<\/svg><\/span>\t\t\t\t<\/a>\n\t\t\t<\/p>\n\t\t<\/div><!-- .entry-actions -->\n\t\t<\/footer><!-- .entry-footer -->\t\t<\/div>\n\t<\/article>\n<\/li>\n<li class=\"kb-post-list-item\">\n\t<article class=\"entry content-bg loop-entry post-554 post type-post status-publish format-standard hentry category-presse\">\n\t\t\t\t<div class=\"entry-content-wrap\">\n\t\t\t<header class=\"entry-header\">\n\t\t<div class=\"entry-taxonomies\">\n\t\t<span class=\"category-links term-links category-style-normal\">\n\t\t\t<a href=\"https:\/\/xn--pro-sdharz-eeb.de\/?cat=7\" class=\"category-link-presse\" rel=\"tag\">Presse<\/a>\t\t<\/span>\n\t<\/div><!-- .entry-taxonomies -->\n\t<h2 class=\"entry-title\"><a href=\"https:\/\/xn--pro-sdharz-eeb.de\/?p=554\" rel=\"bookmark\">TA: Streit um Knauf-Gipsbohrungen im S\u00fcdharz: Gericht hat entschieden<\/a><\/h2>\t<div class=\"entry-meta entry-meta-divider-dot\">\n\t<span class=\"posted-by\"><span class=\"meta-label\">Von<\/span><span class=\"author vcard\"><span class=\"fn n\">admin<\/span><\/span><\/span>\t\t\t<span class=\"posted-on\">\n\t\t\t\t<time class=\"entry-date published\" datetime=\"2025-01-27T12:02:00+01:00\">27. Januar 2025<\/time><time class=\"updated\" datetime=\"2025-02-07T16:44:02+01:00\">7. Februar 2025<\/time>\t\t\t<\/span>\n\t\t\t\t<\/div><!-- .entry-meta -->\n\t<\/header><!-- .entry-header -->\n\t<div class=\"entry-summary\">\n\t\t<p>Knauf hat im Rechtsstreit um Gips-Erkundungsbohrungen im Biosph\u00e4renreservat Karstlandschaft S\u00fcdharz einen Erfolg erzielt. Das Verwaltungsgericht Halle hat zentrale Bedenken des Bunds f\u00fcr Umwelt und Naturschutz (BUND) zur\u00fcckgewiesen. Der hatte im Dezember einen Stopp der Bohrungen erwirkt. https:\/\/www.msn.com\/de-de\/finanzen\/top-stories\/streit-um-knauf-gipsbohrungen-im-s%C3%BCdharz-gericht-hat-entschieden\/ar-AA1xVIg8<\/p>\n\t<\/div><!-- .entry-summary -->\n\t<footer class=\"entry-footer\">\n\t\t\t<div class=\"entry-actions\">\n\t\t\t<p class=\"more-link-wrap\">\n\t\t\t\t<a href=\"https:\/\/xn--pro-sdharz-eeb.de\/?p=554\" class=\"post-more-link\">\n\t\t\t\t\tWeiterlesen<span class=\"screen-reader-text\"> TA: Streit um Knauf-Gipsbohrungen im S\u00fcdharz: Gericht hat entschieden<\/span><span class=\"kadence-svg-iconset svg-baseline\"><svg aria-hidden=\"true\" class=\"kadence-svg-icon kadence-arrow-right-alt-svg\" fill=\"currentColor\" version=\"1.1\" xmlns=\"http:\/\/www.w3.org\/2000\/svg\" width=\"27\" height=\"28\" viewBox=\"0 0 27 28\"><title>Fortfahren<\/title><path d=\"M27 13.953c0 0.141-0.063 0.281-0.156 0.375l-6 5.531c-0.156 0.141-0.359 0.172-0.547 0.094-0.172-0.078-0.297-0.25-0.297-0.453v-3.5h-19.5c-0.281 0-0.5-0.219-0.5-0.5v-3c0-0.281 0.219-0.5 0.5-0.5h19.5v-3.5c0-0.203 0.109-0.375 0.297-0.453s0.391-0.047 0.547 0.078l6 5.469c0.094 0.094 0.156 0.219 0.156 0.359v0z\"><\/path>\n\t\t\t<\/svg><\/span>\t\t\t\t<\/a>\n\t\t\t<\/p>\n\t\t<\/div><!-- .entry-actions -->\n\t\t<\/footer><!-- .entry-footer -->\t\t<\/div>\n\t<\/article>\n<\/li>\n<li class=\"kb-post-list-item\">\n\t<article class=\"entry content-bg loop-entry post-556 post type-post status-publish format-standard hentry category-presse\">\n\t\t\t\t<div class=\"entry-content-wrap\">\n\t\t\t<header class=\"entry-header\">\n\t\t<div class=\"entry-taxonomies\">\n\t\t<span class=\"category-links term-links category-style-normal\">\n\t\t\t<a href=\"https:\/\/xn--pro-sdharz-eeb.de\/?cat=7\" class=\"category-link-presse\" rel=\"tag\">Presse<\/a>\t\t<\/span>\n\t<\/div><!-- .entry-taxonomies -->\n\t<h2 class=\"entry-title\"><a href=\"https:\/\/xn--pro-sdharz-eeb.de\/?p=556\" rel=\"bookmark\">MZ: Probebohrungen nach Gips im S\u00fcdharz stoppen: BUND erzielt Teilerfolg vor Gericht<\/a><\/h2>\t<div class=\"entry-meta entry-meta-divider-dot\">\n\t<span class=\"posted-by\"><span class=\"meta-label\">Von<\/span><span class=\"author vcard\"><span class=\"fn n\">admin<\/span><\/span><\/span>\t\t\t<span class=\"posted-on\">\n\t\t\t\t<time class=\"entry-date published\" datetime=\"2025-01-23T18:55:00+01:00\">23. Januar 2025<\/time><time class=\"updated\" datetime=\"2025-02-07T16:43:29+01:00\">7. Februar 2025<\/time>\t\t\t<\/span>\n\t\t\t\t<\/div><!-- .entry-meta -->\n\t<\/header><!-- .entry-header -->\n\t<div class=\"entry-summary\">\n\t\t<p>Vor Gericht hat der BUND Sachsen-Anhalt einen Teilerfolg gegen die geplanten Probebohrungen nach Gips im S\u00fcdharz erzielt. Was das bedeutet. https:\/\/www.mz.de\/lokal\/sangerhausen\/probebohrungen-nach-gips-im-sudharz-stoppen-bund-erzielt-teilerfolg-vor-gericht-3987446<\/p>\n\t<\/div><!-- .entry-summary -->\n\t<footer class=\"entry-footer\">\n\t\t\t<div class=\"entry-actions\">\n\t\t\t<p class=\"more-link-wrap\">\n\t\t\t\t<a href=\"https:\/\/xn--pro-sdharz-eeb.de\/?p=556\" class=\"post-more-link\">\n\t\t\t\t\tWeiterlesen<span class=\"screen-reader-text\"> MZ: Probebohrungen nach Gips im S\u00fcdharz stoppen: BUND erzielt Teilerfolg vor Gericht<\/span><span class=\"kadence-svg-iconset svg-baseline\"><svg aria-hidden=\"true\" class=\"kadence-svg-icon kadence-arrow-right-alt-svg\" fill=\"currentColor\" version=\"1.1\" xmlns=\"http:\/\/www.w3.org\/2000\/svg\" width=\"27\" height=\"28\" viewBox=\"0 0 27 28\"><title>Fortfahren<\/title><path d=\"M27 13.953c0 0.141-0.063 0.281-0.156 0.375l-6 5.531c-0.156 0.141-0.359 0.172-0.547 0.094-0.172-0.078-0.297-0.25-0.297-0.453v-3.5h-19.5c-0.281 0-0.5-0.219-0.5-0.5v-3c0-0.281 0.219-0.5 0.5-0.5h19.5v-3.5c0-0.203 0.109-0.375 0.297-0.453s0.391-0.047 0.547 0.078l6 5.469c0.094 0.094 0.156 0.219 0.156 0.359v0z\"><\/path>\n\t\t\t<\/svg><\/span>\t\t\t\t<\/a>\n\t\t\t<\/p>\n\t\t<\/div><!-- .entry-actions -->\n\t\t<\/footer><!-- .entry-footer -->\t\t<\/div>\n\t<\/article>\n<\/li>\n<li class=\"kb-post-list-item\">\n\t<article class=\"entry content-bg loop-entry post-520 post type-post status-publish format-standard hentry category-presse tag-mz\">\n\t\t\t\t<div class=\"entry-content-wrap\">\n\t\t\t<header class=\"entry-header\">\n\t\t<div class=\"entry-taxonomies\">\n\t\t<span class=\"category-links term-links category-style-normal\">\n\t\t\t<a href=\"https:\/\/xn--pro-sdharz-eeb.de\/?cat=7\" class=\"category-link-presse\" rel=\"tag\">Presse<\/a>\t\t<\/span>\n\t<\/div><!-- .entry-taxonomies -->\n\t<h2 class=\"entry-title\"><a href=\"https:\/\/xn--pro-sdharz-eeb.de\/?p=520\" rel=\"bookmark\">MZ: \u201ePro S\u00fcdharz \u2013 Gegen Gipsabbau \u2013 F\u00fcr Naturschutz\u201c<\/a><\/h2>\t<div class=\"entry-meta entry-meta-divider-dot\">\n\t<span class=\"posted-by\"><span class=\"meta-label\">Von<\/span><span class=\"author vcard\"><span class=\"fn n\">admin<\/span><\/span><\/span>\t\t\t<span class=\"posted-on\">\n\t\t\t\t<time class=\"entry-date published\" datetime=\"2025-01-19T10:30:00+01:00\">19. Januar 2025<\/time><time class=\"updated\" datetime=\"2025-01-20T17:47:07+01:00\">20. Januar 2025<\/time>\t\t\t<\/span>\n\t\t\t\t<\/div><!-- .entry-meta -->\n\t<\/header><!-- .entry-header -->\n\t<div class=\"entry-summary\">\n\t\t<p>Ablehnung der Probebohrungen nach Gips: Das sind die Pl\u00e4ne der B\u00fcrgerinitiative Die B\u00fcrgerinitiative \u201ePro S\u00fcdharz \u2013 Gegen Gipsabbau \u2013 F\u00fcr Naturschutz\u201c hat ihre Vorhaben gegen die geplanten Probebohrungen besprochen und auch eine Online-Petition mit bereits \u00fcber 7.000 Unterst\u00fctzern gestartet. https:\/\/www.mz.de\/lokal\/sangerhausen\/ablehnung-der-probebohrungen-nach-gips-das-sind-die-plane-der-burgerinitiative-3983514<\/p>\n\t<\/div><!-- .entry-summary -->\n\t<footer class=\"entry-footer\">\n\t\t\t<div class=\"entry-actions\">\n\t\t\t<p class=\"more-link-wrap\">\n\t\t\t\t<a href=\"https:\/\/xn--pro-sdharz-eeb.de\/?p=520\" class=\"post-more-link\">\n\t\t\t\t\tWeiterlesen<span class=\"screen-reader-text\"> MZ: \u201ePro S\u00fcdharz \u2013 Gegen Gipsabbau \u2013 F\u00fcr Naturschutz\u201c<\/span><span class=\"kadence-svg-iconset svg-baseline\"><svg aria-hidden=\"true\" class=\"kadence-svg-icon kadence-arrow-right-alt-svg\" fill=\"currentColor\" version=\"1.1\" xmlns=\"http:\/\/www.w3.org\/2000\/svg\" width=\"27\" height=\"28\" viewBox=\"0 0 27 28\"><title>Fortfahren<\/title><path d=\"M27 13.953c0 0.141-0.063 0.281-0.156 0.375l-6 5.531c-0.156 0.141-0.359 0.172-0.547 0.094-0.172-0.078-0.297-0.25-0.297-0.453v-3.5h-19.5c-0.281 0-0.5-0.219-0.5-0.5v-3c0-0.281 0.219-0.5 0.5-0.5h19.5v-3.5c0-0.203 0.109-0.375 0.297-0.453s0.391-0.047 0.547 0.078l6 5.469c0.094 0.094 0.156 0.219 0.156 0.359v0z\"><\/path>\n\t\t\t<\/svg><\/span>\t\t\t\t<\/a>\n\t\t\t<\/p>\n\t\t<\/div><!-- .entry-actions -->\n\t\t<\/footer><!-- .entry-footer -->\t\t<\/div>\n\t<\/article>\n<\/li>\n<li class=\"kb-post-list-item\">\n\t<article class=\"entry content-bg loop-entry post-518 post type-post status-publish format-standard hentry category-presse tag-mz\">\n\t\t\t\t<div class=\"entry-content-wrap\">\n\t\t\t<header class=\"entry-header\">\n\t\t<div class=\"entry-taxonomies\">\n\t\t<span class=\"category-links term-links category-style-normal\">\n\t\t\t<a href=\"https:\/\/xn--pro-sdharz-eeb.de\/?cat=7\" class=\"category-link-presse\" rel=\"tag\">Presse<\/a>\t\t<\/span>\n\t<\/div><!-- .entry-taxonomies -->\n\t<h2 class=\"entry-title\"><a href=\"https:\/\/xn--pro-sdharz-eeb.de\/?p=518\" rel=\"bookmark\">MZ: Probebohrungen der Firma Knauf &#8211; Gips-Abbau im S\u00fcdharz: Was die Fraktion Die Linke\/Gr\u00fcne fordert<\/a><\/h2>\t<div class=\"entry-meta entry-meta-divider-dot\">\n\t<span class=\"posted-by\"><span class=\"meta-label\">Von<\/span><span class=\"author vcard\"><span class=\"fn n\">admin<\/span><\/span><\/span>\t\t\t<span class=\"posted-on\">\n\t\t\t\t<time class=\"entry-date published\" datetime=\"2025-01-17T09:00:00+01:00\">17. Januar 2025<\/time><time class=\"updated\" datetime=\"2025-01-20T19:00:36+01:00\">20. Januar 2025<\/time>\t\t\t<\/span>\n\t\t\t\t<\/div><!-- .entry-meta -->\n\t<\/header><!-- .entry-header -->\n\t<div class=\"entry-summary\">\n\t\t<p>Die geplanten Gips-Probebohrungen der Firma im S\u00fcdharz sind weiterhin umstritten. Nun will die Fraktion Die Linke\/Gr\u00fcne im Kreistag einen anderen Weg vorschlagen. Wie der aussehen soll. https:\/\/www.mz.de\/lokal\/sangerhausen\/gips-abbau-im-sudharz-was-die-fraktion-die-linke-grune-fordert-3982690<\/p>\n\t<\/div><!-- .entry-summary -->\n\t<footer class=\"entry-footer\">\n\t\t\t<div class=\"entry-actions\">\n\t\t\t<p class=\"more-link-wrap\">\n\t\t\t\t<a href=\"https:\/\/xn--pro-sdharz-eeb.de\/?p=518\" class=\"post-more-link\">\n\t\t\t\t\tWeiterlesen<span class=\"screen-reader-text\"> MZ: Probebohrungen der Firma Knauf &#8211; Gips-Abbau im S\u00fcdharz: Was die Fraktion Die Linke\/Gr\u00fcne fordert<\/span><span class=\"kadence-svg-iconset svg-baseline\"><svg aria-hidden=\"true\" class=\"kadence-svg-icon kadence-arrow-right-alt-svg\" fill=\"currentColor\" version=\"1.1\" xmlns=\"http:\/\/www.w3.org\/2000\/svg\" width=\"27\" height=\"28\" viewBox=\"0 0 27 28\"><title>Fortfahren<\/title><path d=\"M27 13.953c0 0.141-0.063 0.281-0.156 0.375l-6 5.531c-0.156 0.141-0.359 0.172-0.547 0.094-0.172-0.078-0.297-0.25-0.297-0.453v-3.5h-19.5c-0.281 0-0.5-0.219-0.5-0.5v-3c0-0.281 0.219-0.5 0.5-0.5h19.5v-3.5c0-0.203 0.109-0.375 0.297-0.453s0.391-0.047 0.547 0.078l6 5.469c0.094 0.094 0.156 0.219 0.156 0.359v0z\"><\/path>\n\t\t\t<\/svg><\/span>\t\t\t\t<\/a>\n\t\t\t<\/p>\n\t\t<\/div><!-- .entry-actions -->\n\t\t<\/footer><!-- .entry-footer -->\t\t<\/div>\n\t<\/article>\n<\/li>\n<li class=\"kb-post-list-item\">\n\t<article class=\"entry content-bg loop-entry post-516 post type-post status-publish format-standard hentry category-presse tag-mz\">\n\t\t\t\t<div class=\"entry-content-wrap\">\n\t\t\t<header class=\"entry-header\">\n\t\t<div class=\"entry-taxonomies\">\n\t\t<span class=\"category-links term-links category-style-normal\">\n\t\t\t<a href=\"https:\/\/xn--pro-sdharz-eeb.de\/?cat=7\" class=\"category-link-presse\" rel=\"tag\">Presse<\/a>\t\t<\/span>\n\t<\/div><!-- .entry-taxonomies -->\n\t<h2 class=\"entry-title\"><a href=\"https:\/\/xn--pro-sdharz-eeb.de\/?p=516\" rel=\"bookmark\">MZ: Pl\u00e4ne der Rottleber\u00f6der Firma Knauf\u00a0&#8211; Gips-Probebohrungen in S\u00fcdharz: So positioniert sich die EU-Kommission<\/a><\/h2>\t<div class=\"entry-meta entry-meta-divider-dot\">\n\t<span class=\"posted-by\"><span class=\"meta-label\">Von<\/span><span class=\"author vcard\"><span class=\"fn n\">admin<\/span><\/span><\/span>\t\t\t<span class=\"posted-on\">\n\t\t\t\t<time class=\"entry-date published\" datetime=\"2025-01-16T06:00:00+01:00\">16. Januar 2025<\/time><time class=\"updated\" datetime=\"2025-01-20T19:00:52+01:00\">20. Januar 2025<\/time>\t\t\t<\/span>\n\t\t\t\t<\/div><!-- .entry-meta -->\n\t<\/header><!-- .entry-header -->\n\t<div class=\"entry-summary\">\n\t\t<p>Zu den geplanten Gips-Probebohrungen im Biosph\u00e4renreservat Karstlandschaft S\u00fcdharz hat sich nun die EU-Kommission ge\u00e4u\u00dfert. Doch einige Argumente hierzu widersprechen sich. https:\/\/www.mz.de\/lokal\/sangerhausen\/gips-probebohrungen-in-sudharz-so-positioniert-sich-die-eu-kommission-3982136<\/p>\n\t<\/div><!-- .entry-summary -->\n\t<footer class=\"entry-footer\">\n\t\t\t<div class=\"entry-actions\">\n\t\t\t<p class=\"more-link-wrap\">\n\t\t\t\t<a href=\"https:\/\/xn--pro-sdharz-eeb.de\/?p=516\" class=\"post-more-link\">\n\t\t\t\t\tWeiterlesen<span class=\"screen-reader-text\"> MZ: Pl\u00e4ne der Rottleber\u00f6der Firma Knauf\u00a0&#8211; Gips-Probebohrungen in S\u00fcdharz: So positioniert sich die EU-Kommission<\/span><span class=\"kadence-svg-iconset svg-baseline\"><svg aria-hidden=\"true\" class=\"kadence-svg-icon kadence-arrow-right-alt-svg\" fill=\"currentColor\" version=\"1.1\" xmlns=\"http:\/\/www.w3.org\/2000\/svg\" width=\"27\" height=\"28\" viewBox=\"0 0 27 28\"><title>Fortfahren<\/title><path d=\"M27 13.953c0 0.141-0.063 0.281-0.156 0.375l-6 5.531c-0.156 0.141-0.359 0.172-0.547 0.094-0.172-0.078-0.297-0.25-0.297-0.453v-3.5h-19.5c-0.281 0-0.5-0.219-0.5-0.5v-3c0-0.281 0.219-0.5 0.5-0.5h19.5v-3.5c0-0.203 0.109-0.375 0.297-0.453s0.391-0.047 0.547 0.078l6 5.469c0.094 0.094 0.156 0.219 0.156 0.359v0z\"><\/path>\n\t\t\t<\/svg><\/span>\t\t\t\t<\/a>\n\t\t\t<\/p>\n\t\t<\/div><!-- .entry-actions -->\n\t\t<\/footer><!-- .entry-footer -->\t\t<\/div>\n\t<\/article>\n<\/li>\n<li class=\"kb-post-list-item\">\n\t<article class=\"entry content-bg loop-entry post-524 post type-post status-publish format-standard hentry category-presse tag-mz\">\n\t\t\t\t<div class=\"entry-content-wrap\">\n\t\t\t<header class=\"entry-header\">\n\t\t<div class=\"entry-taxonomies\">\n\t\t<span class=\"category-links term-links category-style-normal\">\n\t\t\t<a href=\"https:\/\/xn--pro-sdharz-eeb.de\/?cat=7\" class=\"category-link-presse\" rel=\"tag\">Presse<\/a>\t\t<\/span>\n\t<\/div><!-- .entry-taxonomies -->\n\t<h2 class=\"entry-title\"><a href=\"https:\/\/xn--pro-sdharz-eeb.de\/?p=524\" rel=\"bookmark\">MZ: Pl\u00e4ne der Rottleber\u00f6der Firma Knauf\u00a0<\/a><\/h2>\t<div class=\"entry-meta entry-meta-divider-dot\">\n\t<span class=\"posted-by\"><span class=\"meta-label\">Von<\/span><span class=\"author vcard\"><span class=\"fn n\">admin<\/span><\/span><\/span>\t\t\t<span class=\"posted-on\">\n\t\t\t\t<time class=\"entry-date published\" datetime=\"2025-01-16T06:00:00+01:00\">16. Januar 2025<\/time><time class=\"updated\" datetime=\"2025-01-20T17:53:04+01:00\">20. Januar 2025<\/time>\t\t\t<\/span>\n\t\t\t\t<\/div><!-- .entry-meta -->\n\t<\/header><!-- .entry-header -->\n\t<div class=\"entry-summary\">\n\t\t<p>Gips-Probebohrungen in S\u00fcdharz: So positioniert sich die EU-Kommission Zu den geplanten Gips-Probebohrungen im Biosph\u00e4renreservat Karstlandschaft S\u00fcdharz hat sich nun die EU-Kommission ge\u00e4u\u00dfert. Doch einige Argumente hierzu widersprechen sich. https:\/\/www.mz.de\/lokal\/sangerhausen\/gips-probebohrungen-in-sudharz-so-positioniert-sich-die-eu-kommission-3982136<\/p>\n\t<\/div><!-- .entry-summary -->\n\t<footer class=\"entry-footer\">\n\t\t\t<div class=\"entry-actions\">\n\t\t\t<p class=\"more-link-wrap\">\n\t\t\t\t<a href=\"https:\/\/xn--pro-sdharz-eeb.de\/?p=524\" class=\"post-more-link\">\n\t\t\t\t\tWeiterlesen<span class=\"screen-reader-text\"> MZ: Pl\u00e4ne der Rottleber\u00f6der Firma Knauf\u00a0<\/span><span class=\"kadence-svg-iconset svg-baseline\"><svg aria-hidden=\"true\" class=\"kadence-svg-icon kadence-arrow-right-alt-svg\" fill=\"currentColor\" version=\"1.1\" xmlns=\"http:\/\/www.w3.org\/2000\/svg\" width=\"27\" height=\"28\" viewBox=\"0 0 27 28\"><title>Fortfahren<\/title><path d=\"M27 13.953c0 0.141-0.063 0.281-0.156 0.375l-6 5.531c-0.156 0.141-0.359 0.172-0.547 0.094-0.172-0.078-0.297-0.25-0.297-0.453v-3.5h-19.5c-0.281 0-0.5-0.219-0.5-0.5v-3c0-0.281 0.219-0.5 0.5-0.5h19.5v-3.5c0-0.203 0.109-0.375 0.297-0.453s0.391-0.047 0.547 0.078l6 5.469c0.094 0.094 0.156 0.219 0.156 0.359v0z\"><\/path>\n\t\t\t<\/svg><\/span>\t\t\t\t<\/a>\n\t\t\t<\/p>\n\t\t<\/div><!-- .entry-actions -->\n\t\t<\/footer><!-- .entry-footer -->\t\t<\/div>\n\t<\/article>\n<\/li>\n<li class=\"kb-post-list-item\">\n\t<article class=\"entry content-bg loop-entry post-522 post type-post status-publish format-standard hentry category-presse tag-mz\">\n\t\t\t\t<div class=\"entry-content-wrap\">\n\t\t\t<header class=\"entry-header\">\n\t\t<div class=\"entry-taxonomies\">\n\t\t<span class=\"category-links term-links category-style-normal\">\n\t\t\t<a href=\"https:\/\/xn--pro-sdharz-eeb.de\/?cat=7\" class=\"category-link-presse\" rel=\"tag\">Presse<\/a>\t\t<\/span>\n\t<\/div><!-- .entry-taxonomies -->\n\t<h2 class=\"entry-title\"><a href=\"https:\/\/xn--pro-sdharz-eeb.de\/?p=522\" rel=\"bookmark\">MDR: Th\u00fcringer Umweltverband klagt gegen Gipsabbau im S\u00fcdharz<\/a><\/h2>\t<div class=\"entry-meta entry-meta-divider-dot\">\n\t<span class=\"posted-by\"><span class=\"meta-label\">Von<\/span><span class=\"author vcard\"><span class=\"fn n\">admin<\/span><\/span><\/span>\t\t\t<span class=\"posted-on\">\n\t\t\t\t<time class=\"entry-date published\" datetime=\"2025-01-14T18:44:00+01:00\">14. Januar 2025<\/time><time class=\"updated\" datetime=\"2025-01-20T17:49:41+01:00\">20. Januar 2025<\/time>\t\t\t<\/span>\n\t\t\t\t<\/div><!-- .entry-meta -->\n\t<\/header><!-- .entry-header -->\n\t<div class=\"entry-summary\">\n\t\t<p>Der Bund f\u00fcr Umwelt und Naturschutz (BUND) Th\u00fcringen klagt gegen\u00a0einen Gipsabbau im S\u00fcdharz. Wie der Umweltverband am Dienstag mitteilte, wurde die Klage am Montag beim Th\u00fcringer Verwaltungsgericht in Weimar eingereicht. https:\/\/www.mdr.de\/nachrichten\/thueringen\/nord-thueringen\/nordhausen\/gipsabbau-bund-klage-suedharz-naturschutz-umwelt-100.html<\/p>\n\t<\/div><!-- .entry-summary -->\n\t<footer class=\"entry-footer\">\n\t\t\t<div class=\"entry-actions\">\n\t\t\t<p class=\"more-link-wrap\">\n\t\t\t\t<a href=\"https:\/\/xn--pro-sdharz-eeb.de\/?p=522\" class=\"post-more-link\">\n\t\t\t\t\tWeiterlesen<span class=\"screen-reader-text\"> MDR: Th\u00fcringer Umweltverband klagt gegen Gipsabbau im S\u00fcdharz<\/span><span class=\"kadence-svg-iconset svg-baseline\"><svg aria-hidden=\"true\" class=\"kadence-svg-icon kadence-arrow-right-alt-svg\" fill=\"currentColor\" version=\"1.1\" xmlns=\"http:\/\/www.w3.org\/2000\/svg\" width=\"27\" height=\"28\" viewBox=\"0 0 27 28\"><title>Fortfahren<\/title><path d=\"M27 13.953c0 0.141-0.063 0.281-0.156 0.375l-6 5.531c-0.156 0.141-0.359 0.172-0.547 0.094-0.172-0.078-0.297-0.25-0.297-0.453v-3.5h-19.5c-0.281 0-0.5-0.219-0.5-0.5v-3c0-0.281 0.219-0.5 0.5-0.5h19.5v-3.5c0-0.203 0.109-0.375 0.297-0.453s0.391-0.047 0.547 0.078l6 5.469c0.094 0.094 0.156 0.219 0.156 0.359v0z\"><\/path>\n\t\t\t<\/svg><\/span>\t\t\t\t<\/a>\n\t\t\t<\/p>\n\t\t<\/div><!-- .entry-actions -->\n\t\t<\/footer><!-- .entry-footer -->\t\t<\/div>\n\t<\/article>\n<\/li>\n<li class=\"kb-post-list-item\">\n\t<article class=\"entry content-bg loop-entry post-550 post type-post status-publish format-standard hentry category-presse\">\n\t\t\t\t<div class=\"entry-content-wrap\">\n\t\t\t<header class=\"entry-header\">\n\t\t<div class=\"entry-taxonomies\">\n\t\t<span class=\"category-links term-links category-style-normal\">\n\t\t\t<a href=\"https:\/\/xn--pro-sdharz-eeb.de\/?cat=7\" class=\"category-link-presse\" rel=\"tag\">Presse<\/a>\t\t<\/span>\n\t<\/div><!-- .entry-taxonomies -->\n\t<h2 class=\"entry-title\"><a href=\"https:\/\/xn--pro-sdharz-eeb.de\/?p=550\" rel=\"bookmark\">MDR: Th\u00fcringer Umweltverband klagt gegen Gipsabbau im S\u00fcdharz<\/a><\/h2>\t<div class=\"entry-meta entry-meta-divider-dot\">\n\t<span class=\"posted-by\"><span class=\"meta-label\">Von<\/span><span class=\"author vcard\"><span class=\"fn n\">admin<\/span><\/span><\/span>\t\t\t<span class=\"posted-on\">\n\t\t\t\t<time class=\"entry-date published\" datetime=\"2025-01-14T18:44:00+01:00\">14. Januar 2025<\/time><time class=\"updated\" datetime=\"2025-02-07T16:27:30+01:00\">7. Februar 2025<\/time>\t\t\t<\/span>\n\t\t\t\t<\/div><!-- .entry-meta -->\n\t<\/header><!-- .entry-header -->\n\t<div class=\"entry-summary\">\n\t\t<p>Der Bund f\u00fcr Umwelt und Naturschutz (BUND) Th\u00fcringen klagt gegen einen Gipsabbau im S\u00fcdharz. Wie der Umweltverband am Dienstag mitteilte, wurde die Klage am Montag beim Th\u00fcringer Verwaltungsgericht in Weimar eingereicht. https:\/\/www.mdr.de\/nachrichten\/thueringen\/nord-thueringen\/nordhausen\/gipsabbau-bund-klage-suedharz-naturschutz-umwelt-100.html<\/p>\n\t<\/div><!-- .entry-summary -->\n\t<footer class=\"entry-footer\">\n\t\t\t<div class=\"entry-actions\">\n\t\t\t<p class=\"more-link-wrap\">\n\t\t\t\t<a href=\"https:\/\/xn--pro-sdharz-eeb.de\/?p=550\" class=\"post-more-link\">\n\t\t\t\t\tWeiterlesen<span class=\"screen-reader-text\"> MDR: Th\u00fcringer Umweltverband klagt gegen Gipsabbau im S\u00fcdharz<\/span><span class=\"kadence-svg-iconset svg-baseline\"><svg aria-hidden=\"true\" class=\"kadence-svg-icon kadence-arrow-right-alt-svg\" fill=\"currentColor\" version=\"1.1\" xmlns=\"http:\/\/www.w3.org\/2000\/svg\" width=\"27\" height=\"28\" viewBox=\"0 0 27 28\"><title>Fortfahren<\/title><path d=\"M27 13.953c0 0.141-0.063 0.281-0.156 0.375l-6 5.531c-0.156 0.141-0.359 0.172-0.547 0.094-0.172-0.078-0.297-0.25-0.297-0.453v-3.5h-19.5c-0.281 0-0.5-0.219-0.5-0.5v-3c0-0.281 0.219-0.5 0.5-0.5h19.5v-3.5c0-0.203 0.109-0.375 0.297-0.453s0.391-0.047 0.547 0.078l6 5.469c0.094 0.094 0.156 0.219 0.156 0.359v0z\"><\/path>\n\t\t\t<\/svg><\/span>\t\t\t\t<\/a>\n\t\t\t<\/p>\n\t\t<\/div><!-- .entry-actions -->\n\t\t<\/footer><!-- .entry-footer -->\t\t<\/div>\n\t<\/article>\n<\/li>\n<\/ul>","protected":false},"excerpt":{"rendered":"","protected":false},"author":1,"featured_media":0,"parent":0,"menu_order":0,"comment_status":"closed","ping_status":"closed","template":"","meta":{"_kadence_starter_templates_imported_post":false,"_kad_post_transparent":"","_kad_post_title":"","_kad_post_layout":"","_kad_post_sidebar_id":"","_kad_post_content_style":"","_kad_post_vertical_padding":"","_kad_post_feature":"","_kad_post_feature_position":"","_kad_post_header":false,"_kad_post_footer":false,"_kad_post_classname":"","footnotes":""},"class_list":["post-75","page","type-page","status-publish","hentry"],"_links":{"self":[{"href":"https:\/\/xn--pro-sdharz-eeb.de\/index.php?rest_route=\/wp\/v2\/pages\/75","targetHints":{"allow":["GET"]}}],"collection":[{"href":"https:\/\/xn--pro-sdharz-eeb.de\/index.php?rest_route=\/wp\/v2\/pages"}],"about":[{"href":"https:\/\/xn--pro-sdharz-eeb.de\/index.php?rest_route=\/wp\/v2\/types\/page"}],"author":[{"embeddable":true,"href":"https:\/\/xn--pro-sdharz-eeb.de\/index.php?rest_route=\/wp\/v2\/users\/1"}],"replies":[{"embeddable":true,"href":"https:\/\/xn--pro-sdharz-eeb.de\/index.php?rest_route=%2Fwp%2Fv2%2Fcomments&post=75"}],"version-history":[{"count":4,"href":"https:\/\/xn--pro-sdharz-eeb.de\/index.php?rest_route=\/wp\/v2\/pages\/75\/revisions"}],"predecessor-version":[{"id":288,"href":"https:\/\/xn--pro-sdharz-eeb.de\/index.php?rest_route=\/wp\/v2\/pages\/75\/revisions\/288"}],"wp:attachment":[{"href":"https:\/\/xn--pro-sdharz-eeb.de\/index.php?rest_route=%2Fwp%2Fv2%2Fmedia&parent=75"}],"curies":[{"name":"wp","href":"https:\/\/api.w.org\/{rel}","templated":true}]}}